{"id":148035,"date":"2025-06-19T11:29:44","date_gmt":"2025-06-19T09:29:44","guid":{"rendered":"https:\/\/www.teritoria.com\/destination-france-auvergne-rhone-alpes\/"},"modified":"2025-06-27T11:58:53","modified_gmt":"2025-06-27T09:58:53","slug":"destination-france-auvergne-rhone-alpes","status":"publish","type":"page","link":"https:\/\/www.teritoria.com\/it\/destinazione-francia-alvernia-rodano-alpi\/","title":{"rendered":"Regione Alvernia &#8211; Rodano-Alpi"},"content":{"rendered":"<section id=\"header\"\n         class=\"header bg-no-repeat bg-cover bg-center\" style=\"background-image: url(https:\/\/www.teritoria.com\/wp-content\/uploads\/2025\/06\/lac_roselend_auvergne_rhone_alpes_france_romann_mikhailiuk.jpg)\">\n    <div class='container text-center px-[2.4rem] py-[4rem] min-h-[275px] flex item-center '>\n        <div class='max-w-[657px] mx-auto flex flex-col justify-center'>\n                    <div class='header_sous_titre mb-2'>\n                                    <span\n                        class='text-sm font-proza-libre font-bold tracking-widest uppercase' style='color: ;'>                    <\/span>\n                            <\/div>\n        \n        \n                            <div class='header_titre mb-8'>\n                    <h1\n                        class='text-lg max-lg:text-[4rem]'\n                        style='color: #ffffff;'>\n                        <h1 class=\"wp-block-heading has-text-align-center\" style=\"font-size:44px;color:#FFFFFF\">Scopri la regione<br><i>Alvernia &#8211; Rodano-Alpi<\/i><br><\/h1>                    <\/h1>\n                <\/div>\n                    \n        \n                        <\/div>\n    <\/div>\n<!-- $header_afficher_ce_form  = get_field( 'header_afficher_ce_form' );\n$header_form_titre  = get_field( 'header_form_titre' );\n$header_form_description  = get_field( 'header_form_description' );\n$header_form_cta  = get_field( 'header_form_cta' ); -->\n    <\/section>\n\n\n\n\n<div class=\"wp-block-columns are-vertically-aligned-top is-layout-flex wp-container-core-columns-is-layout-9d6595d7 wp-block-columns-is-layout-flex\">\n<div class=\"wp-block-column is-vertically-aligned-top is-layout-flow wp-block-column-is-layout-flow\" style=\"flex-basis:20%\"><\/div>\n\n\n\n<div class=\"wp-block-column is-vertically-aligned-top is-layout-flow wp-block-column-is-layout-flow\" style=\"flex-basis:60%\">\n<div style=\"height:30px\" aria-hidden=\"true\" class=\"wp-block-spacer\"><\/div>\n\n\n\n<p class=\"has-text-align-center\" style=\"font-size:16px\"><strong><strong>Immergiti nella diversit\u00e0 naturale dell&#8217;Alvernia-Rodano-Alpi.<\/strong><\/strong><\/p>\n\n\n\n<p class=\"has-text-align-center\" style=\"font-size:16px\">Tra vulcani, laghi, montagne e incantevoli villaggi, questa regione vi promette un soggiorno ricco di scoperte. Che siate amanti delle escursioni, della gastronomia o della cultura,<\/p>\n\n\n\n<p class=\"has-text-align-center\" style=\"font-size:16px\">un viaggio in Alvernia-Rodano-Alpi non vi lascer\u00e0 indifferenti!<\/p>\n\n\n\n<div style=\"height:20px\" aria-hidden=\"true\" class=\"wp-block-spacer\"><\/div>\n<\/div>\n\n\n\n<div class=\"wp-block-column is-vertically-aligned-top is-layout-flow wp-block-column-is-layout-flow\" style=\"flex-basis:20%\"><\/div>\n<\/div>\n\n\n\n<div class=\"wp-block-columns is-layout-flex wp-container-core-columns-is-layout-9d6595d7 wp-block-columns-is-layout-flex\">\n<div class=\"wp-block-column is-layout-flow wp-block-column-is-layout-flow\"><\/div>\n\n\n\n<div class=\"wp-block-column is-layout-flow wp-block-column-is-layout-flow\" style=\"flex-basis:66.7%\">\n<h2 class=\"wp-block-heading\" style=\"font-size:25px;font-style:normal;font-weight:600;margin:0 40px;\">\n  Sommario :\n<\/h2>\n\n\n\n<div style=\"height:10px\" aria-hidden=\"true\" class=\"wp-block-spacer\"><\/div>\n\n\n\n<p style=\"margin: 0 40px;\">\n  <a href=\"#partie-1\">1. <u>La regione Alvernia-Rodano-Alpi<\/u><\/a><br>\n  <a href=\"#partie-2\">2. <u>Cosa visitare in Alvernia-Rodano-Alpi?<\/u><\/a><br>\n  <a href=\"#partie-3\">3. <u>Le specialit\u00e0 culinarie della regione Alvernia-Rodano-Alpi<\/u><\/a>\n<\/p>\n\n<p style=\"margin: 0 40px;\">\n  <a href=\"#partie-4\">4. <u>Storia cult in Alvernia-Rodano-Alpi<\/u><\/a><br>\n  <a href=\"#partie-5\">5. <u>Quali sono le attrazioni imperdibili della regione Alvernia-Rodano-Alpi?<\/u><\/a>\n<\/p>\n\n<p style=\"margin: 0 40px;\">\n  <a href=\"#partie-6\">6. <u>Cosa fare in Alvernia-Rodano-Alpi?<\/u><\/a>\n<\/p>\n<\/div>\n<\/div>\n\n\n\n<div style=\"height:15px\" aria-hidden=\"true\" class=\"wp-block-spacer\"><\/div>\n\n\n\n<div class=\"wp-block-columns is-layout-flex wp-container-core-columns-is-layout-9d6595d7 wp-block-columns-is-layout-flex\">\n<div class=\"wp-block-column is-layout-flow wp-block-column-is-layout-flow\" style=\"flex-basis:40%\"><\/div>\n\n\n\n<div class=\"wp-block-column is-layout-flow wp-block-column-is-layout-flow\" style=\"flex-basis:20%\">\n<hr class=\"wp-block-separator has-text-color has-alpha-channel-opacity has-background\" style=\"background-color:#bfc4c5;color:#bfc4c5\"\/>\n<\/div>\n\n\n\n<div class=\"wp-block-column is-layout-flow wp-block-column-is-layout-flow\" style=\"flex-basis:40%\"><\/div>\n<\/div>\n\n\n\n<div style=\"height:15px\" aria-hidden=\"true\" class=\"wp-block-spacer\"><\/div>\n\n\n\n<div class=\"wp-block-columns is-layout-flex wp-container-core-columns-is-layout-9d6595d7 wp-block-columns-is-layout-flex\" id=\"partie-1\">\n<div class=\"wp-block-column is-layout-flow wp-block-column-is-layout-flow\" style=\"flex-basis:20%\"><\/div>\n\n\n\n<div class=\"wp-block-column is-layout-flow wp-block-column-is-layout-flow\" style=\"flex-basis:60%\">\n<span class=\"has-text-align-center bbc_block_title font-proza-libre block font-bold tracking-widest mb-2 uppercase text-sm text-orange-200\" >Parte 1<\/span>\n\n\n\n<h2 class=\"wp-block-heading has-text-align-center\" style=\"font-size:25px;font-style:normal;font-weight:600\">Presentazione della regione Alvernia-Rodano-Alpi<\/h2>\n<\/div>\n\n\n\n<div class=\"wp-block-column is-layout-flow wp-block-column-is-layout-flow\" style=\"flex-basis:20%\"><\/div>\n<\/div>\n\n\n\n<p><\/p>\n\n\n\n<div class=\"wp-block-columns is-layout-flex wp-container-core-columns-is-layout-9d6595d7 wp-block-columns-is-layout-flex\">\n<div class=\"wp-block-column is-layout-flow wp-block-column-is-layout-flow\" style=\"flex-basis:20%\"><\/div>\n\n\n\n<div class=\"wp-block-column is-vertically-aligned-center is-layout-flow wp-block-column-is-layout-flow\" style=\"flex-basis:40%\">\n<div style=\"height:10px\" aria-hidden=\"true\" class=\"wp-block-spacer\"><\/div>\n\n\n\n<p class=\"text-justify\" style=\"font-size:16px\">La regione Alvernia-Rodano-Alpi \u00e8 un territorio dai paesaggi variegati dove si incontrano montagne, vulcani e patrimonio storico. Un soggiorno in Alvernia-Rodano-Alpi offre la possibilit\u00e0 di scoprire le montagne alpine, i vulcani del Massiccio Centrale, nonch\u00e9 laghi e fiumi incontaminati. Potrete gustare la gastronomia locale in numerosi piccoli villaggi e citt\u00e0 accoglienti. Che siate alla ricerca di natura, sport o esperienze culinarie, la variet\u00e0 delle attivit\u00e0 disponibili soddisfer\u00e0 tutti i vostri desideri!<\/p>\n\n\n\n<div style=\"height:20px\" aria-hidden=\"true\" class=\"wp-block-spacer\"><\/div>\n\n\n\n<p class=\"text-justify\" style=\"font-size:16px\"> Per un viaggio in Alvernia-Rodano-Alpi lontano dai circuiti classici, esplorate spazi naturali incontaminati come il Parco dei Vulcani dell&#8217;Alvernia, il Parco Naturale Regionale della Chartreuse o la Riserva Naturale dell&#8217;Alta Catena del Giura. I villaggi tipici, in particolare quelli del Vercors e dell&#8217;Ard\u00e8che, vi affascineranno con la loro autenticit\u00e0. \u00c8 anche una regione di piaceri culinari: formaggi di montagna, salumi artigianali e vini regionali vi aspettano per momenti di degustazione.<\/p>\n\n\n\n<div style=\"height:20px\" aria-hidden=\"true\" class=\"wp-block-spacer\"><\/div>\n\n\n\n<p style=\"font-size:16px\"><em><em>Scopri di pi\u00f9 sulla regione Alvernia-Rodano-Alpi grazie al<\/em> <a href=\"https:\/\/www.auvergnerhonealpes-tourisme.com\/\" target=\"_blank\" rel=\"noreferrer noopener nofollow\"><u>CRT &#8211; Auvergne &#8211; Rh\u00f4ne-Alpes<\/u><\/a><\/em>.<\/p>\n\n\n\n<figure class=\"wp-block-image size-full is-resized\"><a href=\"https:\/\/www.auvergnerhonealpes-tourisme.com\/\" target=\"_blank\" rel=\"noreferrer noopener nofollow\"><img loading=\"lazy\" decoding=\"async\" width=\"732\" height=\"320\" src=\"https:\/\/www.teritoria.com\/wp-content\/uploads\/2025\/06\/5f60ca2fbb712_logo-auvergne-rhone-alpes-tourisme-blanc-cmjn.png\" alt=\"\" class=\"wp-image-140402\" style=\"width:200px\" title=\"\" srcset=\"https:\/\/www.teritoria.com\/wp-content\/uploads\/2025\/06\/5f60ca2fbb712_logo-auvergne-rhone-alpes-tourisme-blanc-cmjn.png 732w, https:\/\/www.teritoria.com\/wp-content\/uploads\/2025\/06\/5f60ca2fbb712_logo-auvergne-rhone-alpes-tourisme-blanc-cmjn-300x131.png 300w\" sizes=\"auto, (max-width: 732px) 100vw, 732px\" \/><\/a><\/figure>\n<\/div>\n\n\n\n<div class=\"wp-block-column is-layout-flow wp-block-column-is-layout-flow\" style=\"flex-basis:5%\"><\/div>\n\n\n\n<div class=\"wp-block-column is-vertically-aligned-center is-layout-flow wp-block-column-is-layout-flow\" style=\"flex-basis:40%\">\n<figure class=\"wp-block-image size-full\"><img loading=\"lazy\" decoding=\"async\" width=\"781\" height=\"900\" src=\"https:\/\/www.teritoria.com\/wp-content\/uploads\/2025\/06\/zoom_region_auverge-rhone-alpes_region_it.jpg\" alt=\"\" class=\"wp-image-148049\" style=\"object-fit:contain\" title=\"\" srcset=\"https:\/\/www.teritoria.com\/wp-content\/uploads\/2025\/06\/zoom_region_auverge-rhone-alpes_region_it.jpg 781w, https:\/\/www.teritoria.com\/wp-content\/uploads\/2025\/06\/zoom_region_auverge-rhone-alpes_region_it-260x300.jpg 260w, https:\/\/www.teritoria.com\/wp-content\/uploads\/2025\/06\/zoom_region_auverge-rhone-alpes_region_it-768x885.jpg 768w\" sizes=\"auto, (max-width: 781px) 100vw, 781px\" \/><\/figure>\n<\/div>\n\n\n\n<div class=\"wp-block-column is-layout-flow wp-block-column-is-layout-flow\" style=\"flex-basis:10%\"><\/div>\n<\/div>\n\n\n\n<div style=\"height:15px\" aria-hidden=\"true\" class=\"wp-block-spacer\"><\/div>\n\n\n\n\t<div id=\"partie-2\" class=\"our-beautiful-storiess\">\n\t\n   <div class=\"wp-block-create-block-block-nos-belles-histoires block_our_beautiful_stories_class\">\n      <div class=\"py-20 lg:py-24 bg-blue-200\">\n         <div class=\"mx-auto max-w-[1075px]\">\n            <div class=\"text-center max-lg:px-[2.4rem]\">\n               <span class=\"bnbh_block_title font-proza-libre font-bold tracking-widest mb-2 uppercase text-sm text-[#FBA0BA]\">PARTE 2<\/span>\n               <h2 class=\"bnbh_block_title_marketing text-[2.6rem] lg:text-md mb-10 text-white\"><h2 class=\"wp-block-heading has-text-align-center\" style=\"font-size:25px;font-style:normal;font-weight:600;color:#FFFFFF\">Cosa visitare in Alvernia-Rodano-Alpi?<\/h2><br><\/h2>\n            <\/div>\n               \n                  <div class=\"splide max-lg:grid items-center inverted-colors mb-4 lg:mb-16\" \n                  role=\"group\" \n                  aria-label=\"Product slider\" \n                  data-splide={\"type\":\"slide\",\"perPage\":3,\"perMove\":1,\"pagination\":false,\"gap\":\"2rem\",\"arrows\":false,\"breakpoints\":{\"1024\":{\"perPage\":1,\"arrows\":true,\"focus\":\"center\",\"padding\":{\"left\":\"2.4rem\",\"right\":\"4rem\"},\"pagination\":true}}}>\n\n                  <div class=\"splide__track max-lg:mb-12\">\n                     <div class=\"splide__list\">\n                     \n                     <div class=\"splide__slide  item_histoire\">\n                     <div class=\"img-animation-scale-110 opacity-animation\">\n                                                                                             <a href='#partie-2' \n                           class=\"block mb-8 overflow-hidden rounded\">\n                        \n                          <div class=\"ratio pt-[calc(100%\/345*445)]\">\n                             <img decoding=\"async\" class=\"object-cover w-full transition-all duration-300 lazy\" data-src=\"https:\/\/www.teritoria.com\/wp-content\/uploads\/2025\/06\/fromages-aop-auvergne-page-region-345x445.jpg\" src=\"data:image\/png;base64,iVBORw0KGgoAAAANSUhEUgAAAAEAAAABCAYAAAAfFcSJAAAADUlEQVR42mO8fPPmGQAIXwNTEbZW6QAAAABJRU5ErkJggg==\" alt=\"\" title=\"\">\n                                                       <\/div>\n                                                <\/a>\n                                             \n                                          <div class=\"absolute right-4 top-4 opacity-0 transition-all duration-300\">\n                     <div class=\"addtoany_shortcode\"><div class=\"a2a_kit a2a_kit_size_32 addtoany_list\" data-a2a-url=\"#partie-2\" data-a2a-title=\"Regione Alvernia \u2013 Rodano-Alpi\"><a class=\"a2a_dd addtoany_share_save addtoany_share\" href=\"https:\/\/www.addtoany.com\/share\" rel=\"nofollow noopener\" target=\"_blank\"><img decoding=\"async\" src=\"\/wp-content\/themes\/teritoria\/assets\/img\/share.svg\" alt=\"Share\" title=\"\"><\/a><\/div><\/div>                     <\/div>\n                                          <\/div>\n\n\n                                          <span class=\"nom_categorie_histoire block text-sm mb-2 uppercase text-white\">\n                     Circuito                     <\/span>\n                     \n\n                                          <h3 class=\"nom_personne mb-6 text-white lg:text-[2.5rem] text-sm\">\n                        La Strada dei Formaggi dell&#8217;Alvernia                     <\/h3>\n                     \n                                          <div class=\"description text-sm text-white\">\n                       Parti alla scoperta dei formaggi emblematici della regione, come il Saint-Nectaire e il Bleu d&#8217;Auvergne. Incontra i produttori e apprezza il loro savoir-faire.                     <\/div>\n                                          <\/div>\n\n                     \n                     <div class=\"splide__slide  item_histoire\">\n                     <div class=\"img-animation-scale-110 opacity-animation\">\n                                                                                             <a href='#partie-2' \n                           class=\"block mb-8 overflow-hidden rounded\">\n                        \n                          <div class=\"ratio pt-[calc(100%\/345*445)]\">\n                             <img decoding=\"async\" class=\"object-cover w-full transition-all duration-300 lazy\" data-src=\"https:\/\/www.teritoria.com\/wp-content\/uploads\/2025\/06\/chateau_grignan_drome_auvergne-rhone-alpes_france_serge_goujon-345x445.jpg\" src=\"data:image\/png;base64,iVBORw0KGgoAAAANSUhEUgAAAAEAAAABCAYAAAAfFcSJAAAADUlEQVR42mO8fPPmGQAIXwNTEbZW6QAAAABJRU5ErkJggg==\" alt=\"\" title=\"\">\n                                                       <\/div>\n                                                <\/a>\n                                             \n                                          <div class=\"absolute right-4 top-4 opacity-0 transition-all duration-300\">\n                     <div class=\"addtoany_shortcode\"><div class=\"a2a_kit a2a_kit_size_32 addtoany_list\" data-a2a-url=\"#partie-2\" data-a2a-title=\"Dr\u00f4me\"><a class=\"a2a_dd addtoany_share_save addtoany_share\" href=\"https:\/\/www.addtoany.com\/share\" rel=\"nofollow noopener\" target=\"_blank\"><img decoding=\"async\" src=\"\/wp-content\/themes\/teritoria\/assets\/img\/share.svg\" alt=\"Share\" title=\"\"><\/a><\/div><\/div>                     <\/div>\n                                          <\/div>\n\n\n                                          <span class=\"nom_categorie_histoire block text-sm mb-2 uppercase text-white\">\n                     Regione                     <\/span>\n                     \n\n                                          <h3 class=\"nom_personne mb-6 text-white lg:text-[2.5rem] text-sm\">\n                        Dr\u00f4me                     <\/h3>\n                     \n                                          <div class=\"description text-sm text-white\">\n                       Visita i campi di lavanda in estate ed esplora i villaggi arroccati della Dr\u00f4me provenzale, un luogo perfetto per fuggire dalla folla.                     <\/div>\n                                          <\/div>\n\n                     \n                     <div class=\"splide__slide  item_histoire\">\n                     <div class=\"img-animation-scale-110 opacity-animation\">\n                                                                                             <a href='#partie-2' \n                           class=\"block mb-8 overflow-hidden rounded\">\n                        \n                          <div class=\"ratio pt-[calc(100%\/345*445)]\">\n                             <img decoding=\"async\" class=\"object-cover w-full transition-all duration-300 lazy\" data-src=\"https:\/\/www.teritoria.com\/wp-content\/uploads\/2025\/06\/annecy_auvergne-rhone-alpes_france_pit_stock-345x445.jpg\" src=\"data:image\/png;base64,iVBORw0KGgoAAAANSUhEUgAAAAEAAAABCAYAAAAfFcSJAAAADUlEQVR42mO8fPPmGQAIXwNTEbZW6QAAAABJRU5ErkJggg==\" alt=\"\" title=\"\">\n                                                       <\/div>\n                                                <\/a>\n                                             \n                                          <div class=\"absolute right-4 top-4 opacity-0 transition-all duration-300\">\n                     <div class=\"addtoany_shortcode\"><div class=\"a2a_kit a2a_kit_size_32 addtoany_list\" data-a2a-url=\"#partie-2\" data-a2a-title=\"Annecy\"><a class=\"a2a_dd addtoany_share_save addtoany_share\" href=\"https:\/\/www.addtoany.com\/share\" rel=\"nofollow noopener\" target=\"_blank\"><img decoding=\"async\" src=\"\/wp-content\/themes\/teritoria\/assets\/img\/share.svg\" alt=\"Share\" title=\"\"><\/a><\/div><\/div>                     <\/div>\n                                          <\/div>\n\n\n                                          <span class=\"nom_categorie_histoire block text-sm mb-2 uppercase text-white\">\n                     Citt\u00e0                     <\/span>\n                     \n\n                                          <h3 class=\"nom_personne mb-6 text-white lg:text-[2.5rem] text-sm\">\n                        Annecy                     <\/h3>\n                     \n                                          <div class=\"description text-sm text-white\">\n                       Goditi il fascino della \u201cVenezia delle Alpi\u201d. Passeggia lungo il lago, esplora il centro storico e ammira i pittoreschi canali.                     <\/div>\n                                          <\/div>\n\n                                                         <\/div>\n                  <\/div>\n               <\/div>\n               \n                           <\/div>\n      <\/div>\n   <\/div>\n\n\n\n<div class=\"bes_bloc_establishments_slider my-16 lg:mb-16 lg:mt-24\">\n\n\t<div class=\"lg:grid lg:grid-cols-[467px_1fr] lg:gap-16 items-center\">\n\t\t<!-- Begin Left Block -->\n\t\t<div class=\"bes_left_block ps-[7.2rem] text-center lg:text-left contents lg:block\" style=\"\">\n\t\n\t\t\t\t\n\t\t\t\t\t\t\t\t\n\t\t\t\t<h2 class=\"mb-8 max-lg:w-[300px] max-lg:mx-auto lg:text-md text-[2.6rem]\" style=\"color: #1a2830;\">Dove dormire nella regione <i>Alvernia-Rodano-Alpi<\/i>?<\/h2>\n\t\t\t\t\n\t\t\t\t\t\t\t\t\n\t\t\t\t<div class=\"mb-10\" style=\"color: #414b5a;\"><p style=\"text-align: justify;\">Scegli tra i nostri chalet di montagna, le nostre case vacanze tradizionali o i nostri hotel premium, situati in posizione ideale per godersi la natura circostante. Un soggiorno confortevole, vicino alle principali attrazioni della regione!<\/p>\n<\/div>\n\t\t\t\t\n\t\t\t\t\t\t\t<div class=\"hidden lg:block\">\n\t\t\t\t\t\t\t\t\t\t\t\t\n\t\t\t\t\t\t<a href=\"\/it\/hotel\/destinazioni\/francia\/alvernia-rodano-alpi\/\" \n\t\t\t\t\t\t   target=\"_blank\" \n\t\t\t\t\t\t   class=\"btn text-white pb-6 pt-7 px-12\"\n\t\t\t\t\t\t   style=\"color: #ffffff; background-color: #1a2830;\"\n\t\t\t\t\t\t   title=\"Vedi altro\"\n\t\t\t\t\t\t>\n\t\t\t\t\t\t   Vedi altro\t\t\t\t\t\t<\/a>\n\t\t\n\t\t\t\t\t\t\t\t\t<\/div>\n\t\n\t\t\t\t\t<\/div>\n\t\t<!-- End Left Block -->\n\t\n\t\t<!-- Begin Left Block -->\n\t\t<div class=\"bes_right_block\">\n\t\n\t\t\t\t\n\t\t\t<div class=\"hidden\" data-gtm-establishments=\"{&quot;affiliate_list_id&quot;:&quot;list-of-establishments-homepage&quot;,&quot;affiliate_list_name&quot;:&quot;List etablissements homepage &quot;,&quot;affiliates&quot;:[{&quot;affiliate_id&quot;:&quot;184&quot;,&quot;affiliate_name&quot;:&quot;Le Clair de la Plume&quot;,&quot;affiliate_type&quot;:&quot;Hotel&quot;,&quot;affiliate_country&quot;:&quot;Francia&quot;,&quot;affiliate_region&quot;:&quot;Alvernia-Rodano-Alpi&quot;,&quot;affiliate_city&quot;:&quot;GRIGNAN&quot;},{&quot;affiliate_id&quot;:&quot;397&quot;,&quot;affiliate_name&quot;:&quot;H\\u00f4tel Cottage Bise&quot;,&quot;affiliate_type&quot;:&quot;Hotel&quot;,&quot;affiliate_country&quot;:&quot;Francia&quot;,&quot;affiliate_region&quot;:&quot;Alvernia-Rodano-Alpi&quot;,&quot;affiliate_city&quot;:&quot;TALLOIRES&quot;},{&quot;affiliate_id&quot;:&quot;2597&quot;,&quot;affiliate_name&quot;:&quot;Auberge du Lac&quot;,&quot;affiliate_type&quot;:&quot;Hotel&quot;,&quot;affiliate_country&quot;:&quot;Francia&quot;,&quot;affiliate_region&quot;:&quot;Alvernia-Rodano-Alpi&quot;,&quot;affiliate_city&quot;:&quot;SAINT-MARCEL-LES-ANNONAY&quot;},{&quot;affiliate_id&quot;:&quot;4101&quot;,&quot;affiliate_name&quot;:&quot;Les C\\u00e8dres H\\u00f4tel&quot;,&quot;affiliate_type&quot;:&quot;Hotel&quot;,&quot;affiliate_country&quot;:&quot;Francia&quot;,&quot;affiliate_region&quot;:&quot;Alvernia-Rodano-Alpi&quot;,&quot;affiliate_city&quot;:&quot;SAINT-SORLIN-D&#039;ARVES&quot;},{&quot;affiliate_id&quot;:&quot;3794&quot;,&quot;affiliate_name&quot;:&quot;Ch\\u00e2teau Cl\\u00e9ment&quot;,&quot;affiliate_type&quot;:&quot;Hotel&quot;,&quot;affiliate_country&quot;:&quot;Francia&quot;,&quot;affiliate_region&quot;:&quot;Alvernia-Rodano-Alpi&quot;,&quot;affiliate_city&quot;:&quot;VALS-LES-BAINS&quot;}]}\"><\/div>\t\t\t\t<div class=\"splide max-lg:grid items-center\" \n\t\t\t\t\trole=\"group\" \n\t\t\t\t\taria-label=\"Product slider\" \n\t\t\t\t\tdata-splide={\"type\":\"slide\",\"perPage\":3,\"perMove\":1,\"padding\":{\"left\":\"1rem\",\"right\":\"3rem\"},\"pagination\":false,\"arrows\":false,\"breakpoints\":{\"1024\":{\"perPage\":1,\"arrows\":true,\"focus\":\"center\",\"padding\":{\"left\":\"2.4rem\",\"right\":\"4rem\"},\"pagination\":true}}}>\n\t\t\t\t\t<div class=\"splide__track\">\n\t\t\t\t\t\t<div class=\"splide__list flex gap-x-6 lg:gap-x-4\">\n\t\n\t\t\t\t\t    <div class=\"splide__slide relative pdt-mini mb-8 overflow-hidden bg-white ter_item_post_3645\">\n        \n            \n\t\t\t<span class=\"type_etablissement absolute z-[1] left-[1.3rem] top-8 lg:top-[1.1rem] flex flex-wrap gap-4\">\n\t\t\t\t\t\t\t\t\t                        <span class=\"rounded py-3 px-6 bg-[#1E1E1E80]\/50\t shadow-[0px_6px_32px_0px_#00000026] text-white uppercase text-[1.2rem] font-semibold font-proza-libre\">\n                                                        Hotel-Ristorante                        <\/span>\n                    \t\t\t\t\t\t\t<\/span>\n\t\t\n        <div class=\"pdt-mini__thumb\">\n                            <div class=\"pdt-mini__image ratio pt-[calc(100%\/309*190)]\">\n                    <img loading=\"lazy\" decoding=\"async\" width=\"309\" height=\"187\" src=\"https:\/\/www.teritoria.com\/wp-content\/uploads\/2023\/11\/0184b.jpg\" class=\"object-cover w-full transition-all duration-300 lazy\" alt=\"0184b.jpg\" srcset=\"https:\/\/www.teritoria.com\/wp-content\/uploads\/2023\/11\/0184b.jpg 309w, https:\/\/www.teritoria.com\/wp-content\/uploads\/2023\/11\/0184b.jpg 618w\" sizes=\"auto, (min-width: 1440px) 618px, 309px\" title=\"\">                <\/div>\n                    <\/div>\n\n        <div class=\"pdt-mini__body\">\n            <div class=\"product-wishlist\">\n                <button class=\"simplefavorite-button\" data-postid=\"3645\" data-siteid=\"1\" data-groupid=\"1\" data-favoritecount=\"2\" style=\"\"><span><img decoding=\"async\" src=\"\/wp-content\/themes\/teritoria\/template-parts\/icons\/white-heart.svg\" alt=\"\" title=\"\"><\/span><span>Enregistrer<\/span><\/button>            <\/div>\n\n            \n            \n<div class=\"flex gap-4 mb-8\">\n            <span class=\"etab_classification_cles\">\n            <img decoding=\"async\" class=\"h-[30px]\" src=\"https:\/\/www.teritoria.com\/wp-content\/themes\/teritoria\/assets\/img\/hotel\/hotel-5.svg\" alt=\"\" title=\"\">\n        <\/span>\n\n                    <span class=\"text-[27px] leading-none\">\u2022<\/span>\n                \n                    <span class=\"etab_labellisation_cuilleres\">\n                    <img decoding=\"async\" class=\"h-[30px]\" src=\"https:\/\/www.teritoria.com\/wp-content\/themes\/teritoria\/assets\/img\/rest\/rest-3.svg\" alt=\"\" title=\"\">\n                <\/span>\n\n                                    <span class=\"text-[27px] leading-none\">\u2022<\/span>\n                        \n    <!--         <span class=\"text-[27px] leading-none\">\u2022<\/span>\n     -->\n\n\n            <div class=\"etab_images_labels flex gap-2 relative\">\n            <ul class=\"flex flex-wrap gap-4 items-center\">\n                                    \n                                            <li>\n\n                            <img loading=\"lazy\" decoding=\"async\" src=\"https:\/\/www.teritoria.com\/wp-content\/uploads\/2024\/10\/clorofil-3-300x300-1.png\" width=\"32\" height=\"32\" alt=\"Clorofil\" title=\"\">\n\n                        <\/li>\n                                                        \n                                            <li>\n\n                            <img loading=\"lazy\" decoding=\"async\" src=\"https:\/\/www.teritoria.com\/wp-content\/uploads\/2024\/10\/PeaceandWork_MEDAILLE-SILVER_AS_CMJN-1.png\" width=\"32\" height=\"32\" alt=\"Peace &amp; Work2\" title=\"\">\n\n                        <\/li>\n                                                <\/ul>\n        <\/div>\n\n        <\/div>\n            \n                                                <h3 class=\"pdt-mini__name text-[2rem] mb-4 max-w-[244px]\">\n                        Le Clair de la Plume                    <\/h3>\n                \n                                    <div class=\"pdt-mini__rank mb-4\">\n                        <span class=\"rank-avis !inline-block\" data-percentage=\"0.9\"><\/span>\n                        <span class=\"text-black text-[1rem]\">(2337)<\/span>\n                    <\/div>\n                            \n                                                <div class=\"pdt-mini__description font-medium mb-2 text-[#1A2830] text-sm relative pt-[.8rem] before:absolute before:top-0 before:left-0 before:w-[17px] before:border-b before:border-[#FFE1D8]\">\n                        <p>2, place du Mail &#8211; GRIGNAN 26230<\/p>\n                    <\/div>\n                            \n                                                <span class=\"etab_prix_de_la_nuit block text-[#001019]\/50 mb-2 text-sm font-medium\">Notte :160 \u20ac &#8211; 495 \u20ac<\/span>\n                \n                                    <span class=\"etab_prix_du_menu block text-[#001019]\/50 text-sm mb-2 font-medium\">Men\u00f9 : 110.00\u20ac &#8211; 195.00\u20ac<\/span>\n                            \n            \n            <a href=\"https:\/\/www.teritoria.com\/it\/hotel\/le-clair-de-la-plume-184-ho01\/\" class=\"stretched-link\">\n                <span class=\"sr-only\">Scoprire : <\/span>\n            <\/a>\n        <\/div>\n    <\/div>\n    <div class=\"splide__slide relative pdt-mini mb-8 overflow-hidden bg-white ter_item_post_3750\">\n        \n            \n\t\t\t<span class=\"type_etablissement absolute z-[1] left-[1.3rem] top-8 lg:top-[1.1rem] flex flex-wrap gap-4\">\n\t\t\t\t\t\t\t\t\t                        <span class=\"rounded py-3 px-6 bg-[#1E1E1E80]\/50\t shadow-[0px_6px_32px_0px_#00000026] text-white uppercase text-[1.2rem] font-semibold font-proza-libre\">\n                                                        Hotel-Ristorante                        <\/span>\n                    \t\t\t\t\t\t\t<\/span>\n\t\t\n        <div class=\"pdt-mini__thumb\">\n                            <div class=\"pdt-mini__image ratio pt-[calc(100%\/309*190)]\">\n                    <img loading=\"lazy\" decoding=\"async\" width=\"309\" height=\"190\" src=\"https:\/\/www.teritoria.com\/wp-content\/uploads\/2024\/11\/397-20240706-174634-0-2223-309x190.jpg\" class=\"object-cover w-full transition-all duration-300 lazy\" alt=\"397-20240706-174634-0-2223.jpg\" srcset=\"https:\/\/www.teritoria.com\/wp-content\/uploads\/2024\/11\/397-20240706-174634-0-2223-309x190.jpg 309w, https:\/\/www.teritoria.com\/wp-content\/uploads\/2024\/11\/397-20240706-174634-0-2223-618x380.jpg 618w\" sizes=\"auto, (min-width: 1440px) 618px, 309px\" title=\"\">                <\/div>\n                    <\/div>\n\n        <div class=\"pdt-mini__body\">\n            <div class=\"product-wishlist\">\n                <button class=\"simplefavorite-button\" data-postid=\"3750\" data-siteid=\"1\" data-groupid=\"1\" data-favoritecount=\"2\" style=\"\"><span><img decoding=\"async\" src=\"\/wp-content\/themes\/teritoria\/template-parts\/icons\/white-heart.svg\" alt=\"\" title=\"\"><\/span><span>Enregistrer<\/span><\/button>            <\/div>\n\n            \n            \n<div class=\"flex gap-4 mb-8\">\n            <span class=\"etab_classification_cles\">\n            <img decoding=\"async\" class=\"h-[30px]\" src=\"https:\/\/www.teritoria.com\/wp-content\/themes\/teritoria\/assets\/img\/hotel\/hotel-4.svg\" alt=\"\" title=\"\">\n        <\/span>\n\n                    <span class=\"text-[27px] leading-none\">\u2022<\/span>\n                \n                    <span class=\"etab_labellisation_cuilleres\">\n                    <img decoding=\"async\" class=\"h-[30px]\" src=\"https:\/\/www.teritoria.com\/wp-content\/themes\/teritoria\/assets\/img\/rest\/rest-1.svg\" alt=\"\" title=\"\">\n                <\/span>\n\n                                    <span class=\"text-[27px] leading-none\">\u2022<\/span>\n                        \n    <!--         <span class=\"text-[27px] leading-none\">\u2022<\/span>\n     -->\n\n\n            <div class=\"etab_images_labels flex gap-2 relative\">\n            <ul class=\"flex flex-wrap gap-4 items-center\">\n                                    \n                                            <li>\n\n                            <img loading=\"lazy\" decoding=\"async\" src=\"https:\/\/www.teritoria.com\/wp-content\/uploads\/2024\/10\/clorofil-3-300x300-1.png\" width=\"32\" height=\"32\" alt=\"Clorofil\" title=\"\">\n\n                        <\/li>\n                                                        \n                                            <li>\n\n                            <img loading=\"lazy\" decoding=\"async\" src=\"https:\/\/www.teritoria.com\/wp-content\/uploads\/2024\/10\/clorofil-3-300x300-1.png\" width=\"32\" height=\"32\" alt=\"Clorofil\" title=\"\">\n\n                        <\/li>\n                                                        \n                                            <li>\n\n                            <img loading=\"lazy\" decoding=\"async\" src=\"https:\/\/www.teritoria.com\/wp-content\/uploads\/2024\/10\/PeaceandWork_MEDAILLE-GOLD_AS_CMJN-1.png\" width=\"32\" height=\"32\" alt=\"Peace &amp; Work3\" title=\"\">\n\n                        <\/li>\n                                                <\/ul>\n        <\/div>\n\n        <\/div>\n            \n                                                <h3 class=\"pdt-mini__name text-[2rem] mb-4 max-w-[244px]\">\n                        Cottage Bise                    <\/h3>\n                \n                                    <div class=\"pdt-mini__rank mb-4\">\n                        <span class=\"rank-avis !inline-block\" data-percentage=\"0.9\"><\/span>\n                        <span class=\"text-black text-[1rem]\">(2438)<\/span>\n                    <\/div>\n                            \n                                                <div class=\"pdt-mini__description font-medium mb-2 text-[#1A2830] text-sm relative pt-[.8rem] before:absolute before:top-0 before:left-0 before:w-[17px] before:border-b before:border-[#FFE1D8]\">\n                        <p>390 route du Port &#8211; TALLOIRES 74290<\/p>\n                    <\/div>\n                            \n                                                <span class=\"etab_prix_de_la_nuit block text-[#001019]\/50 mb-2 text-sm font-medium\">Notte :190 \u20ac &#8211; 590 \u20ac<\/span>\n                \n                                    <span class=\"etab_prix_du_menu block text-[#001019]\/50 text-sm mb-2 font-medium\">Men\u00f9 : 57.00\u20ac &#8211; 99.00\u20ac<\/span>\n                            \n            \n            <a href=\"https:\/\/www.teritoria.com\/it\/hotel\/hotel-cottage-bise-397-ho01\/\" class=\"stretched-link\">\n                <span class=\"sr-only\">Scoprire : <\/span>\n            <\/a>\n        <\/div>\n    <\/div>\n    <div class=\"splide__slide relative pdt-mini mb-8 overflow-hidden bg-white ter_item_post_3939\">\n        \n            \n\t\t\t<span class=\"type_etablissement absolute z-[1] left-[1.3rem] top-8 lg:top-[1.1rem] flex flex-wrap gap-4\">\n\t\t\t\t\t\t\t\t\t                        <span class=\"rounded py-3 px-6 bg-[#1E1E1E80]\/50\t shadow-[0px_6px_32px_0px_#00000026] text-white uppercase text-[1.2rem] font-semibold font-proza-libre\">\n                                                        Hotel-Ristorante                        <\/span>\n                    \t\t\t\t\t\t\t<\/span>\n\t\t\n        <div class=\"pdt-mini__thumb\">\n                            <div class=\"pdt-mini__image ratio pt-[calc(100%\/309*190)]\">\n                    <img loading=\"lazy\" decoding=\"async\" width=\"254\" height=\"190\" src=\"https:\/\/www.teritoria.com\/wp-content\/uploads\/2023\/11\/2597-20230904-161731-0-9488-scaled.jpeg\" class=\"object-cover w-full transition-all duration-300 lazy\" alt=\"2597-20230904-161731-0-9488.jpeg\" srcset=\"https:\/\/www.teritoria.com\/wp-content\/uploads\/2023\/11\/2597-20230904-161731-0-9488-scaled.jpeg 309w, https:\/\/www.teritoria.com\/wp-content\/uploads\/2023\/11\/2597-20230904-161731-0-9488-618x380.jpeg 618w\" sizes=\"auto, (min-width: 1440px) 618px, 309px\" title=\"\">                <\/div>\n                    <\/div>\n\n        <div class=\"pdt-mini__body\">\n            <div class=\"product-wishlist\">\n                <button class=\"simplefavorite-button\" data-postid=\"3939\" data-siteid=\"1\" data-groupid=\"1\" data-favoritecount=\"2\" style=\"\"><span><img decoding=\"async\" src=\"\/wp-content\/themes\/teritoria\/template-parts\/icons\/white-heart.svg\" alt=\"\" title=\"\"><\/span><span>Enregistrer<\/span><\/button>            <\/div>\n\n            \n            \n<div class=\"flex gap-4 mb-8\">\n            <span class=\"etab_classification_cles\">\n            <img decoding=\"async\" class=\"h-[30px]\" src=\"https:\/\/www.teritoria.com\/wp-content\/themes\/teritoria\/assets\/img\/hotel\/hotel-4.svg\" alt=\"\" title=\"\">\n        <\/span>\n\n                    <span class=\"text-[27px] leading-none\">\u2022<\/span>\n                \n                    <span class=\"etab_labellisation_cuilleres\">\n                    <img decoding=\"async\" class=\"h-[30px]\" src=\"https:\/\/www.teritoria.com\/wp-content\/themes\/teritoria\/assets\/img\/rest\/rest-1.svg\" alt=\"\" title=\"\">\n                <\/span>\n\n                                    <span class=\"text-[27px] leading-none\">\u2022<\/span>\n                        \n    <!--         <span class=\"text-[27px] leading-none\">\u2022<\/span>\n     -->\n\n\n            <div class=\"etab_images_labels flex gap-2 relative\">\n            <ul class=\"flex flex-wrap gap-4 items-center\">\n                                    \n                                            <li>\n\n                            <img loading=\"lazy\" decoding=\"async\" src=\"https:\/\/www.teritoria.com\/wp-content\/uploads\/2024\/10\/clorofil-3-300x300-1.png\" width=\"32\" height=\"32\" alt=\"Clorofil\" title=\"\">\n\n                        <\/li>\n                                                        \n                                            <li>\n\n                            <img loading=\"lazy\" decoding=\"async\" src=\"https:\/\/www.teritoria.com\/wp-content\/uploads\/2024\/10\/PeaceandWork_MEDAILLE-GOLD_AS_CMJN-1.png\" width=\"32\" height=\"32\" alt=\"Peace &amp; Work3\" title=\"\">\n\n                        <\/li>\n                                                <\/ul>\n        <\/div>\n\n        <\/div>\n            \n                                                <h3 class=\"pdt-mini__name text-[2rem] mb-4 max-w-[244px]\">\n                        Auberge du Lac                    <\/h3>\n                \n                                    <div class=\"pdt-mini__rank mb-4\">\n                        <span class=\"rank-avis !inline-block\" data-percentage=\"0.9\"><\/span>\n                        <span class=\"text-black text-[1rem]\">(4134)<\/span>\n                    <\/div>\n                            \n                                                <div class=\"pdt-mini__description font-medium mb-2 text-[#1A2830] text-sm relative pt-[.8rem] before:absolute before:top-0 before:left-0 before:w-[17px] before:border-b before:border-[#FFE1D8]\">\n                        <p>Le Ternay &#8211; SAINT-MARCEL-LES-ANNONAY 07100<\/p>\n                    <\/div>\n                            \n                                                <span class=\"etab_prix_de_la_nuit block text-[#001019]\/50 mb-2 text-sm font-medium\">Notte :89 \u20ac &#8211; 209 \u20ac<\/span>\n                \n                                    <span class=\"etab_prix_du_menu block text-[#001019]\/50 text-sm mb-2 font-medium\">Men\u00f9 : 43.00\u20ac &#8211; 66.00\u20ac<\/span>\n                            \n            \n            <a href=\"https:\/\/www.teritoria.com\/it\/hotel\/auberge-du-lac-2597-ho01\/\" class=\"stretched-link\">\n                <span class=\"sr-only\">Scoprire : <\/span>\n            <\/a>\n        <\/div>\n    <\/div>\n    <div class=\"splide__slide relative pdt-mini mb-8 overflow-hidden bg-white ter_item_post_5817\">\n        \n            \n\t\t\t<span class=\"type_etablissement absolute z-[1] left-[1.3rem] top-8 lg:top-[1.1rem] flex flex-wrap gap-4\">\n\t\t\t\t\t\t\t\t\t                        <span class=\"rounded py-3 px-6 bg-[#1E1E1E80]\/50\t shadow-[0px_6px_32px_0px_#00000026] text-white uppercase text-[1.2rem] font-semibold font-proza-libre\">\n                                                        Hotel-Ristorante                        <\/span>\n                    \t\t\t\t\t\t\t<\/span>\n\t\t\n        <div class=\"pdt-mini__thumb\">\n                            <div class=\"pdt-mini__image ratio pt-[calc(100%\/309*190)]\">\n                    <img loading=\"lazy\" decoding=\"async\" width=\"309\" height=\"190\" src=\"https:\/\/www.teritoria.com\/wp-content\/uploads\/2025\/02\/4101-20241212-141836-0-3645-309x190.jpg\" class=\"object-cover w-full transition-all duration-300 lazy\" alt=\"4101-20241212-141836-0-3645.jpg\" srcset=\"https:\/\/www.teritoria.com\/wp-content\/uploads\/2025\/02\/4101-20241212-141836-0-3645-309x190.jpg 309w, https:\/\/www.teritoria.com\/wp-content\/uploads\/2025\/02\/4101-20241212-141836-0-3645-618x380.jpg 618w\" sizes=\"auto, (min-width: 1440px) 618px, 309px\" title=\"\">                <\/div>\n                    <\/div>\n\n        <div class=\"pdt-mini__body\">\n            <div class=\"product-wishlist\">\n                <button class=\"simplefavorite-button\" data-postid=\"5817\" data-siteid=\"1\" data-groupid=\"1\" data-favoritecount=\"2\" style=\"\"><span><img decoding=\"async\" src=\"\/wp-content\/themes\/teritoria\/template-parts\/icons\/white-heart.svg\" alt=\"\" title=\"\"><\/span><span>Enregistrer<\/span><\/button>            <\/div>\n\n            \n            \n<div class=\"flex gap-4 mb-8\">\n            <span class=\"etab_classification_cles\">\n            <img decoding=\"async\" class=\"h-[30px]\" src=\"https:\/\/www.teritoria.com\/wp-content\/themes\/teritoria\/assets\/img\/hotel\/hotel-3.svg\" alt=\"\" title=\"\">\n        <\/span>\n\n                    <span class=\"text-[27px] leading-none\">\u2022<\/span>\n                \n                    <span class=\"etab_labellisation_cuilleres\">\n                    <img decoding=\"async\" class=\"h-[30px]\" src=\"https:\/\/www.teritoria.com\/wp-content\/themes\/teritoria\/assets\/img\/rest\/rest-1.svg\" alt=\"\" title=\"\">\n                <\/span>\n\n                                    <span class=\"text-[27px] leading-none\">\u2022<\/span>\n                        \n    <!--         <span class=\"text-[27px] leading-none\">\u2022<\/span>\n     -->\n\n\n            <div class=\"etab_images_labels flex gap-2 relative\">\n            <ul class=\"flex flex-wrap gap-4 items-center\">\n                                    \n                                            <li>\n\n                            <img loading=\"lazy\" decoding=\"async\" src=\"https:\/\/www.teritoria.com\/wp-content\/uploads\/2024\/10\/clorofil-3-300x300-1.png\" width=\"32\" height=\"32\" alt=\"Clorofil\" title=\"\">\n\n                        <\/li>\n                                                        \n                                            <li>\n\n                            <img loading=\"lazy\" decoding=\"async\" src=\"https:\/\/www.teritoria.com\/wp-content\/uploads\/2024\/10\/PeaceandWork_MEDAILLE-SILVER_AS_CMJN-1.png\" width=\"32\" height=\"32\" alt=\"Peace &amp; Work2\" title=\"\">\n\n                        <\/li>\n                                                        \n                                            <li>\n\n                            <img loading=\"lazy\" decoding=\"async\" src=\"https:\/\/www.teritoria.com\/wp-content\/uploads\/2024\/10\/PeaceandWork_MEDAILLE-SILVER_AS_CMJN-1.png\" width=\"32\" height=\"32\" alt=\"Peace &amp; Work2\" title=\"\">\n\n                        <\/li>\n                                                <\/ul>\n        <\/div>\n\n        <\/div>\n            \n                                                <h3 class=\"pdt-mini__name text-[2rem] mb-4 max-w-[244px]\">\n                        Les C\u00e8dres H\u00f4tel                    <\/h3>\n                \n                                    <div class=\"pdt-mini__rank mb-4\">\n                        <span class=\"rank-avis !inline-block\" data-percentage=\"0.9\"><\/span>\n                        <span class=\"text-black text-[1rem]\">(94)<\/span>\n                    <\/div>\n                            \n                                                <div class=\"pdt-mini__description font-medium mb-2 text-[#1A2830] text-sm relative pt-[.8rem] before:absolute before:top-0 before:left-0 before:w-[17px] before:border-b before:border-[#FFE1D8]\">\n                        <p>Chemin des Pr\u00e9-Plan SAINT-SORLIN-D&#8217;ARVES 73530<\/p>\n                    <\/div>\n                            \n                                                <span class=\"etab_prix_de_la_nuit block text-[#001019]\/50 mb-2 text-sm font-medium\">Notte :90 \u20ac &#8211; 500 \u20ac<\/span>\n                \n                                    <span class=\"etab_prix_du_menu block text-[#001019]\/50 text-sm mb-2 font-medium\">\u00c0 la carte : 29.00\u20ac<\/span>\n                            \n            \n            <a href=\"https:\/\/www.teritoria.com\/it\/hotel\/les-cedres-hotel-4101-ho01\/\" class=\"stretched-link\">\n                <span class=\"sr-only\">Scoprire : <\/span>\n            <\/a>\n        <\/div>\n    <\/div>\n    <div class=\"splide__slide relative pdt-mini mb-8 overflow-hidden bg-white ter_item_post_51234\">\n        \n            \n\t\t\t<span class=\"type_etablissement absolute z-[1] left-[1.3rem] top-8 lg:top-[1.1rem] flex flex-wrap gap-4\">\n\t\t\t\t\t\t\t\t\t                        <span class=\"rounded py-3 px-6 bg-[#1E1E1E80]\/50\t shadow-[0px_6px_32px_0px_#00000026] text-white uppercase text-[1.2rem] font-semibold font-proza-libre\">\n                                                        Hotel                        <\/span>\n                    \t\t\t\t\t\t\t<\/span>\n\t\t\n        <div class=\"pdt-mini__thumb\">\n                            <div class=\"pdt-mini__image ratio pt-[calc(100%\/309*190)]\">\n                    <img loading=\"lazy\" decoding=\"async\" width=\"309\" height=\"190\" src=\"https:\/\/www.teritoria.com\/wp-content\/uploads\/2024\/11\/3794-20240731-173041-0-2324-309x190.png\" class=\"object-cover w-full transition-all duration-300 lazy\" alt=\"3794-20240731-173041-0-2324.png\" srcset=\"https:\/\/www.teritoria.com\/wp-content\/uploads\/2024\/11\/3794-20240731-173041-0-2324-309x190.png 309w, https:\/\/www.teritoria.com\/wp-content\/uploads\/2024\/11\/3794-20240731-173041-0-2324-618x380.png 618w\" sizes=\"auto, (min-width: 1440px) 618px, 309px\" title=\"\">                <\/div>\n                    <\/div>\n\n        <div class=\"pdt-mini__body\">\n            <div class=\"product-wishlist\">\n                <button class=\"simplefavorite-button\" data-postid=\"51234\" data-siteid=\"1\" data-groupid=\"1\" data-favoritecount=\"2\" style=\"\"><span><img decoding=\"async\" src=\"\/wp-content\/themes\/teritoria\/template-parts\/icons\/white-heart.svg\" alt=\"\" title=\"\"><\/span><span>Enregistrer<\/span><\/button>            <\/div>\n\n            \n            \n<div class=\"flex gap-4 mb-8\">\n            <span class=\"etab_classification_cles\">\n            <img decoding=\"async\" class=\"h-[30px]\" src=\"https:\/\/www.teritoria.com\/wp-content\/themes\/teritoria\/assets\/img\/hotel\/hotel-5.svg\" alt=\"\" title=\"\">\n        <\/span>\n\n                    <span class=\"text-[27px] leading-none\">\u2022<\/span>\n                \n    \n    <!--         <span class=\"text-[27px] leading-none\">\u2022<\/span>\n     -->\n\n\n            <div class=\"etab_images_labels flex gap-2 relative\">\n            <ul class=\"flex flex-wrap gap-4 items-center\">\n                                    \n                                            <li>\n\n                            <img loading=\"lazy\" decoding=\"async\" src=\"https:\/\/www.teritoria.com\/wp-content\/uploads\/2024\/10\/clorofil-3-300x300-1.png\" width=\"32\" height=\"32\" alt=\"Clorofil\" title=\"\">\n\n                        <\/li>\n                                                        \n                                            <li>\n\n                            <img loading=\"lazy\" decoding=\"async\" src=\"https:\/\/www.teritoria.com\/wp-content\/uploads\/2024\/10\/clorofil-3-300x300-1.png\" width=\"32\" height=\"32\" alt=\"Clorofil\" title=\"\">\n\n                        <\/li>\n                                                        \n                                            <li>\n\n                            <img loading=\"lazy\" decoding=\"async\" src=\"https:\/\/www.teritoria.com\/wp-content\/uploads\/2024\/10\/LABEL_PeaceandWork_TRAME_1-1-300x300-1.png\" width=\"32\" height=\"32\" alt=\"Peace &amp; Work4\" title=\"\">\n\n                        <\/li>\n                                                        \n                                            <li>\n\n                            <img loading=\"lazy\" decoding=\"async\" src=\"https:\/\/www.teritoria.com\/wp-content\/uploads\/2024\/10\/LABEL_PeaceandWork_TRAME_1-1-300x300-1.png\" width=\"32\" height=\"32\" alt=\"Peace &amp; Work4\" title=\"\">\n\n                        <\/li>\n                                                <\/ul>\n        <\/div>\n\n        <\/div>\n            \n                                                <h3 class=\"pdt-mini__name text-[2rem] mb-4 max-w-[244px]\">\n                        Ch\u00e2teau Cl\u00e9ment                    <\/h3>\n                \n                                    <div class=\"pdt-mini__rank mb-4\">\n                        <span class=\"rank-avis !inline-block\" data-percentage=\"1\"><\/span>\n                        <span class=\"text-black text-[1rem]\">(156)<\/span>\n                    <\/div>\n                            \n                                                <div class=\"pdt-mini__description font-medium mb-2 text-[#1A2830] text-sm relative pt-[.8rem] before:absolute before:top-0 before:left-0 before:w-[17px] before:border-b before:border-[#FFE1D8]\">\n                        <p>591, Mont\u00e9e du Bois Vert &#8211; VALS-LES-BAINS 07600<\/p>\n                    <\/div>\n                            \n                                                <span class=\"etab_prix_de_la_nuit block text-[#001019]\/50 mb-2 text-sm font-medium\">Notte :280 \u20ac &#8211; 460 \u20ac<\/span>\n                \n                            \n            \n            <a href=\"https:\/\/www.teritoria.com\/it\/hotel\/chateau-clement-3794-ho01\/\" class=\"stretched-link\">\n                <span class=\"sr-only\">Scoprire : <\/span>\n            <\/a>\n        <\/div>\n    <\/div>\n\t\t\t\t\t\t<\/div>\n\t\t\t\t\t<\/div>\n\t\t\t\t<\/div>\n\t\t\t\n\t\t\t\t\t\t\t<div class=\"block lg:hidden text-center\">\n\t\t\t\t\t\t\t\t\t\t\t\t\t\t\t\t<a href=\"\/it\/hotel\/destinazioni\/francia\/alvernia-rodano-alpi\/\"\n\t\t\t\t\t\t   target=\"_blank\"\n\t\t\t\t\t\t   class=\"btn text-white pb-6 pt-7 px-12\"\n\t\t\t\t\t\t   style=\"color: #ffffff; background-color: #1a2830;\"\n\t\t\t\t\t\t   title=\"title\"\n\t\t\t\t\t\t>\n\t\t\t\t\t\t   Vedi altro\t\t\t\t\t\t<\/a>\n\t\t\t\t\t\t\t\t\t<\/div>\n\t\n\t\t\t\t\t<\/div>\n\t<\/div>\n\n\n\t\n<\/div>\n\n\n\n\n\n\n\n\n\n\n\n\n<div class=\"wp-block-columns is-layout-flex wp-container-core-columns-is-layout-9d6595d7 wp-block-columns-is-layout-flex\" id=\"partie-3\">\n<div class=\"wp-block-column is-layout-flow wp-block-column-is-layout-flow\" style=\"flex-basis:5%\"><\/div>\n\n\n\n<div class=\"wp-block-column has-background is-layout-flow wp-block-column-is-layout-flow\" style=\"background-color:#fff3ef;flex-basis:90%\">\n<div style=\"height:17px\" aria-hidden=\"true\" class=\"wp-block-spacer\"><\/div>\n\n\n\n<span class=\"has-text-align-center bbc_block_title font-proza-libre block font-bold tracking-widest mb-2 uppercase text-sm text-orange-200\" >Parte 3<\/span>\n\n\n\n<h2 class=\"wp-block-heading has-text-align-center\" style=\"font-size:25px;font-style:normal;font-weight:600\">Le specialit\u00e0 culinarie della regione Alvernia-Rodano-Alpi<\/h2>\n\n\n\n<div style=\"height:30px\" aria-hidden=\"true\" class=\"wp-block-spacer\"><\/div>\n\n\n\n<div class=\"wp-block-columns is-layout-flex wp-container-core-columns-is-layout-9d6595d7 wp-block-columns-is-layout-flex\">\n<div class=\"wp-block-column is-layout-flow wp-block-column-is-layout-flow\" style=\"flex-basis:5%\"><\/div>\n\n\n\n<div class=\"wp-block-column is-vertically-aligned-center is-layout-flow wp-block-column-is-layout-flow\" style=\"flex-basis:40%\">\n<div class=\"wp-block-group\"><div class=\"wp-block-group__inner-container is-layout-constrained wp-block-group-is-layout-constrained\">\n<h3 class=\"wp-block-heading has-text-color has-link-color wp-elements-3803d4bd60c14f4ee6000671b81310ad\" style=\"color:#ff8300;font-size:25px\">Jean-Marie Le Rest,<br>un chef radicato con orizzonti lontani<\/h3>\n\n\n\n<div style=\"height:30px\" aria-hidden=\"true\" class=\"wp-block-spacer\"><\/div>\n<\/div><\/div>\n\n\n\n<p class=\"text-justify\" style=\"font-size:16px\">Jean-Marie Le Rest ha cucinato per ambasciatori, primi ministri e grandi chef prima di stabilirsi nella regione Rh\u00f4ne-Alpes. Originario della Bretagna, appassionato di culture e scambi, ha plasmato il suo percorso in tutto il mondo: Australia, Italia, istituzioni francesi&#8230;<\/p>\n\n\n\n<div style=\"height:10px\" aria-hidden=\"true\" class=\"wp-block-spacer\"><\/div>\n\n\n\n<p class=\"text-justify\" style=\"font-size:16px\">Ha affinato la sua tecnica ovunque, imparando a convivere con le stagioni, i mercati locali, i gesti semplici e i prodotti giusti. Oggi, alla guida del ristorante La Table du Gouverneur, propone una cucina chiara, radicata nel territorio ma arricchita da influenze straniere.<\/p>\n\n\n\n<div style=\"height:10px\" aria-hidden=\"true\" class=\"wp-block-spacer\"><\/div>\n\n\n\n<p class=\"text-justify\" style=\"font-size:16px\">I suoi piatti rendono omaggio alla purezza dei sapori, ai prodotti francesi esaltati da condimenti o tecniche culinarie raccolte in giro per il mondo. Ogni boccone racconta un incontro, ogni piatto coniuga semplicit\u00e0 ed eleganza, tradizione e curiosit\u00e0.<\/p>\n\n\n\n<div style=\"height:10px\" aria-hidden=\"true\" class=\"wp-block-spacer\"><\/div>\n\n\n\n<blockquote class=\"wp-block-quote is-layout-flow wp-block-quote-is-layout-flow\">\n<p class=\"has-text-color has-link-color wp-elements-94b177026f76d2ed496ecdb8e40d9142\" style=\"color:#ff8300;font-size:20px\">\u00ab <em><em>La mia ispirazione viene dal territorio, dai mercati, dalla gente. Ho imparato a fare le cose in modo semplice senza mai rinunciare alla precisione.<\/em><\/em> \u00bb&nbsp;<\/p>\n<\/blockquote>\n<\/div>\n\n\n\n<div class=\"wp-block-column is-layout-flow wp-block-column-is-layout-flow\" style=\"flex-basis:3%\"><\/div>\n\n\n\n<div class=\"wp-block-column is-vertically-aligned-center is-layout-flow wp-block-column-is-layout-flow\" style=\"flex-basis:37.8%\"><div class=\"wp-block-image\">\n<figure class=\"aligncenter size-large\"><img loading=\"lazy\" decoding=\"async\" width=\"684\" height=\"1024\" src=\"https:\/\/www.teritoria.com\/wp-content\/uploads\/2025\/06\/Jean-Marie-LE-REST-Chef-Table-du-Gouverneur-684x1024.jpg\" alt=\"\" class=\"wp-image-140441\" title=\"\" srcset=\"https:\/\/www.teritoria.com\/wp-content\/uploads\/2025\/06\/Jean-Marie-LE-REST-Chef-Table-du-Gouverneur-684x1024.jpg 684w, https:\/\/www.teritoria.com\/wp-content\/uploads\/2025\/06\/Jean-Marie-LE-REST-Chef-Table-du-Gouverneur-200x300.jpg 200w, https:\/\/www.teritoria.com\/wp-content\/uploads\/2025\/06\/Jean-Marie-LE-REST-Chef-Table-du-Gouverneur-768x1151.jpg 768w, https:\/\/www.teritoria.com\/wp-content\/uploads\/2025\/06\/Jean-Marie-LE-REST-Chef-Table-du-Gouverneur-1025x1536.jpg 1025w, https:\/\/www.teritoria.com\/wp-content\/uploads\/2025\/06\/Jean-Marie-LE-REST-Chef-Table-du-Gouverneur.jpg 1068w\" sizes=\"auto, (max-width: 684px) 100vw, 684px\" \/><\/figure><\/div>\n\n\n<p class=\"text-justify\" style=\"font-size:12px\"><em>Jean-Marie Le Rest, Chef de &#8220;<a href=\"\/it\/ristoranti\/la-table-du-gouverneur-3989-re01\/\"><u>La Table du Gouverneur<\/u><\/a>&#8221; a Monthieux<\/em><\/p>\n<\/div>\n\n\n\n<div class=\"wp-block-column is-layout-flow wp-block-column-is-layout-flow\" style=\"flex-basis:5%\"><\/div>\n<\/div>\n\n\n\n<div style=\"height:10px\" aria-hidden=\"true\" class=\"wp-block-spacer\"><\/div>\n<\/div>\n\n\n\n<div class=\"wp-block-column is-layout-flow wp-block-column-is-layout-flow\" style=\"flex-basis:5%\"><\/div>\n<\/div>\n\n\n\n\n\n\n<div class=\"bes_bloc_establishments_slider my-16 lg:mb-16 lg:mt-24\">\n\n\t<div class=\"lg:grid lg:grid-cols-[467px_1fr] lg:gap-16 items-center\">\n\t\t<!-- Begin Left Block -->\n\t\t<div class=\"bes_left_block ps-[7.2rem] text-center lg:text-left contents lg:block\" style=\"\">\n\t\n\t\t\t\t\n\t\t\t\t\t\t\t\t\n\t\t\t\t<h2 class=\"mb-8 max-lg:w-[300px] max-lg:mx-auto lg:text-md text-[2.6rem]\" style=\"color: #1a2830;\">Dove mangiare nella regione <i>Alvernia-Rodano-Alpi<\/i>?<\/h2>\n\t\t\t\t\n\t\t\t\t\t\t\t\t\n\t\t\t\t<div class=\"mb-10\" style=\"color: #414b5a;\"><p style=\"text-align: justify;\">Assapora le specialit\u00e0 della regione nella nostra selezione di ristoranti. Dalla tartiflette ai diots, passando per i piatti a base di Bleu de Sassenage, ogni pasto \u00e8 preparato con prodotti freschi e di stagione, per un&#8217;immersione culinaria davvero indimenticabile! <\/p>\n<\/div>\n\t\t\t\t\n\t\t\t\t\t\t\t<div class=\"hidden lg:block\">\n\t\t\t\t\t\t\t\t\t\t\t\t\n\t\t\t\t\t\t<a href=\"\/it\/ristoranti\/destinazioni\/francia\/alvernia-rodano-alpi\/\" \n\t\t\t\t\t\t   target=\"_blank\" \n\t\t\t\t\t\t   class=\"btn text-white pb-6 pt-7 px-12\"\n\t\t\t\t\t\t   style=\"color: #ffffff; background-color: #1a2830;\"\n\t\t\t\t\t\t   title=\"Vedi altri ristoranti\"\n\t\t\t\t\t\t>\n\t\t\t\t\t\t   Vedi altri ristoranti\t\t\t\t\t\t<\/a>\n\t\t\n\t\t\t\t\t\t\t\t\t<\/div>\n\t\n\t\t\t\t\t<\/div>\n\t\t<!-- End Left Block -->\n\t\n\t\t<!-- Begin Left Block -->\n\t\t<div class=\"bes_right_block\">\n\t\n\t\t\t\t\n\t\t\t<div class=\"hidden\" data-gtm-establishments=\"{&quot;affiliate_list_id&quot;:&quot;list-of-establishments-homepage&quot;,&quot;affiliate_list_name&quot;:&quot;List etablissements homepage &quot;,&quot;affiliates&quot;:[{&quot;affiliate_id&quot;:&quot;2043&quot;,&quot;affiliate_name&quot;:&quot;LE RADIO&quot;,&quot;affiliate_type&quot;:&quot;Restaurant&quot;,&quot;affiliate_country&quot;:&quot;Francia&quot;,&quot;affiliate_region&quot;:&quot;Alvernia-Rodano-Alpi&quot;,&quot;affiliate_city&quot;:&quot;CHAMALIERES&quot;},{&quot;affiliate_id&quot;:&quot;3989&quot;,&quot;affiliate_name&quot;:&quot;La Table du Gouverneur&quot;,&quot;affiliate_type&quot;:&quot;Restaurant&quot;,&quot;affiliate_country&quot;:&quot;Francia&quot;,&quot;affiliate_region&quot;:&quot;Alvernia-Rodano-Alpi&quot;,&quot;affiliate_city&quot;:&quot;MONTHIEUX&quot;},{&quot;affiliate_id&quot;:&quot;4023&quot;,&quot;affiliate_name&quot;:&quot;Origines par Adrien Descouls&quot;,&quot;affiliate_type&quot;:&quot;Restaurant&quot;,&quot;affiliate_country&quot;:&quot;Francia&quot;,&quot;affiliate_region&quot;:&quot;Alvernia-Rodano-Alpi&quot;,&quot;affiliate_city&quot;:&quot;LE BROC&quot;},{&quot;affiliate_id&quot;:&quot;4152&quot;,&quot;affiliate_name&quot;:&quot;Le Refuge des Gourmets&quot;,&quot;affiliate_type&quot;:&quot;Restaurant&quot;,&quot;affiliate_country&quot;:&quot;Francia&quot;,&quot;affiliate_region&quot;:&quot;Alvernia-Rodano-Alpi&quot;,&quot;affiliate_city&quot;:&quot;MACHILLY&quot;}]}\"><\/div>\t\t\t\t<div class=\"splide max-lg:grid items-center\" \n\t\t\t\t\trole=\"group\" \n\t\t\t\t\taria-label=\"Product slider\" \n\t\t\t\t\tdata-splide={\"type\":\"slide\",\"perPage\":3,\"perMove\":1,\"padding\":{\"left\":\"1rem\",\"right\":\"3rem\"},\"pagination\":false,\"arrows\":false,\"breakpoints\":{\"1024\":{\"perPage\":1,\"arrows\":true,\"focus\":\"center\",\"padding\":{\"left\":\"2.4rem\",\"right\":\"4rem\"},\"pagination\":true}}}>\n\t\t\t\t\t<div class=\"splide__track\">\n\t\t\t\t\t\t<div class=\"splide__list flex gap-x-6 lg:gap-x-4\">\n\t\n\t\t\t\t\t    <div class=\"splide__slide relative pdt-mini mb-8 overflow-hidden bg-white ter_item_post_3780\">\n        \t\t\t<span class=\"type_etablissement z-[1] absolute left-[1.3rem]  top-8 lg:top-[1.1rem]\">\n\t\t\t\t<span class=\"inline-block rounded py-3 px-6 bg-[#1E1E1E80]\/50 shadow-[0px_6px_32px_0px_#00000026] text-white uppercase text-[1.2rem] font-semibold font-proza-libre\">\n\t\t\t\t\tRistorante\t\t\t\t<\/span>\n\t\t\t<\/span>\n\t\t\n        <div class=\"pdt-mini__thumb\">\n                            <div class=\"pdt-mini__image ratio pt-[calc(100%\/309*190)]\">\n                    <img loading=\"lazy\" decoding=\"async\" width=\"285\" height=\"190\" src=\"https:\/\/www.teritoria.com\/wp-content\/uploads\/2023\/11\/2043e.jpg\" class=\"object-cover w-full transition-all duration-300 lazy\" alt=\"2043e.jpg\" srcset=\"https:\/\/www.teritoria.com\/wp-content\/uploads\/2023\/11\/2043e.jpg 309w, https:\/\/www.teritoria.com\/wp-content\/uploads\/2023\/11\/2043e.jpg 618w\" sizes=\"auto, (min-width: 1440px) 618px, 309px\" title=\"\">                <\/div>\n                    <\/div>\n\n        <div class=\"pdt-mini__body\">\n            <div class=\"product-wishlist\">\n                <button class=\"simplefavorite-button\" data-postid=\"3780\" data-siteid=\"1\" data-groupid=\"1\" data-favoritecount=\"2\" style=\"\"><span><img decoding=\"async\" src=\"\/wp-content\/themes\/teritoria\/template-parts\/icons\/white-heart.svg\" alt=\"\" title=\"\"><\/span><span>Enregistrer<\/span><\/button>            <\/div>\n\n            \n            \n<div class=\"flex gap-4 mb-8\">\n        \n                        <span class=\"etab_labellisation_cuilleres\">\n                        <img decoding=\"async\" class=\"h-[30px]\" src=\"https:\/\/www.teritoria.com\/wp-content\/themes\/teritoria\/assets\/img\/rest\/rest-2.svg\" alt=\"\" title=\"\">\n                    <\/span>\n\n                                            <span class=\"text-[27px] leading-none\">\u2022<\/span>\n                                \n    <!--         <span class=\"text-[27px] leading-none\">\u2022<\/span>\n     -->\n\n\n            <div class=\"etab_images_labels flex gap-2 relative\">\n            <ul class=\"flex flex-wrap gap-4 items-center\">\n                                    \n                                            <li>\n\n                            <img loading=\"lazy\" decoding=\"async\" src=\"https:\/\/www.teritoria.com\/wp-content\/uploads\/2024\/10\/clorofil-3-300x300-1.png\" width=\"32\" height=\"32\" alt=\"Clorofil\" title=\"\">\n\n                        <\/li>\n                                                        \n                                            <li>\n\n                            <img loading=\"lazy\" decoding=\"async\" src=\"https:\/\/www.teritoria.com\/wp-content\/uploads\/2024\/10\/clorofil-3-300x300-1.png\" width=\"32\" height=\"32\" alt=\"Clorofil\" title=\"\">\n\n                        <\/li>\n                                                        \n                                            <li>\n\n                            <img loading=\"lazy\" decoding=\"async\" src=\"https:\/\/www.teritoria.com\/wp-content\/uploads\/2024\/10\/PeaceandWork_MEDAILLE-GOLD_AS_CMJN-1.png\" width=\"32\" height=\"32\" alt=\"Peace &amp; Work3\" title=\"\">\n\n                        <\/li>\n                                                        \n                                            <li>\n\n                            <img loading=\"lazy\" decoding=\"async\" src=\"https:\/\/www.teritoria.com\/wp-content\/uploads\/2024\/10\/PeaceandWork_MEDAILLE-GOLD_AS_CMJN-1.png\" width=\"32\" height=\"32\" alt=\"Peace &amp; Work3\" title=\"\">\n\n                        <\/li>\n                                                <\/ul>\n        <\/div>\n\n        <\/div>\n            \n                                                <h3 class=\"pdt-mini__name text-[2rem] mb-4 max-w-[244px]\">\n                        Restaurant LE RADIO                    <\/h3>\n                \n                                    <div class=\"pdt-mini__rank mb-4\">\n                        <span class=\"rank-avis !inline-block\" data-percentage=\"0.9\"><\/span>\n                        <span class=\"text-black text-[1rem]\">(39)<\/span>\n                    <\/div>\n                            \n                                                <div class=\"pdt-mini__description font-medium mb-2 text-[#1A2830] text-sm relative pt-[.8rem] before:absolute before:top-0 before:left-0 before:w-[17px] before:border-b before:border-[#FFE1D8]\">\n                        <p>43, avenue Pierre-et-Marie-Curie &#8211; CHAMALIERES 63400<\/p>\n                    <\/div>\n                            \n                            \n                                    <span class=\"etab_prix_du_menu block text-[#001019]\/50 text-sm mb-2 font-medium\">Men\u00f9 : 95.00\u20ac &#8211; 130.00\u20ac<\/span>\n                            \n            \n            <a href=\"https:\/\/www.teritoria.com\/it\/ristoranti\/le-radio-2043-re01\/\" class=\"stretched-link\">\n                <span class=\"sr-only\">Scoprire : <\/span>\n            <\/a>\n        <\/div>\n    <\/div>\n    <div class=\"splide__slide relative pdt-mini mb-8 overflow-hidden bg-white ter_item_post_5415\">\n        \t\t\t<span class=\"type_etablissement z-[1] absolute left-[1.3rem]  top-8 lg:top-[1.1rem]\">\n\t\t\t\t<span class=\"inline-block rounded py-3 px-6 bg-[#1E1E1E80]\/50 shadow-[0px_6px_32px_0px_#00000026] text-white uppercase text-[1.2rem] font-semibold font-proza-libre\">\n\t\t\t\t\tRistorante\t\t\t\t<\/span>\n\t\t\t<\/span>\n\t\t\n        <div class=\"pdt-mini__thumb\">\n                            <div class=\"pdt-mini__image ratio pt-[calc(100%\/309*190)]\">\n                    <img loading=\"lazy\" decoding=\"async\" width=\"309\" height=\"190\" src=\"https:\/\/www.teritoria.com\/wp-content\/uploads\/2024\/11\/3989-20240716-141426-0-9920-309x190.jpg\" class=\"object-cover w-full transition-all duration-300 lazy\" alt=\"3989-20240716-141426-0-9920.JPG\" srcset=\"https:\/\/www.teritoria.com\/wp-content\/uploads\/2024\/11\/3989-20240716-141426-0-9920-309x190.jpg 309w, https:\/\/www.teritoria.com\/wp-content\/uploads\/2024\/11\/3989-20240716-141426-0-9920-618x380.jpg 618w\" sizes=\"auto, (min-width: 1440px) 618px, 309px\" title=\"\">                <\/div>\n                    <\/div>\n\n        <div class=\"pdt-mini__body\">\n            <div class=\"product-wishlist\">\n                <button class=\"simplefavorite-button\" data-postid=\"5415\" data-siteid=\"1\" data-groupid=\"1\" data-favoritecount=\"1\" style=\"\"><span><img decoding=\"async\" src=\"\/wp-content\/themes\/teritoria\/template-parts\/icons\/white-heart.svg\" alt=\"\" title=\"\"><\/span><span>Enregistrer<\/span><\/button>            <\/div>\n\n            \n            \n<div class=\"flex gap-4 mb-8\">\n        \n                        <span class=\"etab_labellisation_cuilleres\">\n                        <img decoding=\"async\" class=\"h-[30px]\" src=\"https:\/\/www.teritoria.com\/wp-content\/themes\/teritoria\/assets\/img\/rest\/rest-1.svg\" alt=\"\" title=\"\">\n                    <\/span>\n\n                                            <span class=\"text-[27px] leading-none\">\u2022<\/span>\n                                \n    <!--         <span class=\"text-[27px] leading-none\">\u2022<\/span>\n     -->\n\n\n            <div class=\"etab_images_labels flex gap-2 relative\">\n            <ul class=\"flex flex-wrap gap-4 items-center\">\n                                    \n                                            <li>\n\n                            <img loading=\"lazy\" decoding=\"async\" src=\"https:\/\/www.teritoria.com\/wp-content\/uploads\/2024\/10\/clorofil-3-300x300-1.png\" width=\"32\" height=\"32\" alt=\"Clorofil\" title=\"\">\n\n                        <\/li>\n                                                        \n                                            <li>\n\n                            <img loading=\"lazy\" decoding=\"async\" src=\"https:\/\/www.teritoria.com\/wp-content\/uploads\/2024\/10\/clorofil-3-300x300-1.png\" width=\"32\" height=\"32\" alt=\"Clorofil\" title=\"\">\n\n                        <\/li>\n                                                        \n                                            <li>\n\n                            <img loading=\"lazy\" decoding=\"async\" src=\"https:\/\/www.teritoria.com\/wp-content\/uploads\/2024\/10\/PeaceandWork_MEDAILLE-BRONZE_AS_CMJN-1.png\" width=\"32\" height=\"32\" alt=\"Peace &amp; Work1\" title=\"\">\n\n                        <\/li>\n                                                        \n                                            <li>\n\n                            <img loading=\"lazy\" decoding=\"async\" src=\"https:\/\/www.teritoria.com\/wp-content\/uploads\/2024\/10\/PeaceandWork_MEDAILLE-BRONZE_AS_CMJN-1.png\" width=\"32\" height=\"32\" alt=\"Peace &amp; Work1\" title=\"\">\n\n                        <\/li>\n                                                <\/ul>\n        <\/div>\n\n        <\/div>\n            \n                                                <h3 class=\"pdt-mini__name text-[2rem] mb-4 max-w-[244px]\">\n                        La Table du Gouverneur                    <\/h3>\n                \n                                    <div class=\"pdt-mini__rank mb-4\">\n                        <span class=\"rank-avis !inline-block\" data-percentage=\"1\"><\/span>\n                        <span class=\"text-black text-[1rem]\">(1)<\/span>\n                    <\/div>\n                            \n                                                <div class=\"pdt-mini__description font-medium mb-2 text-[#1A2830] text-sm relative pt-[.8rem] before:absolute before:top-0 before:left-0 before:w-[17px] before:border-b before:border-[#FFE1D8]\">\n                        <p>Lieu-dit le Breuil &#8211; MONTHIEUX 01390<\/p>\n                    <\/div>\n                            \n                            \n                                    <span class=\"etab_prix_du_menu block text-[#001019]\/50 text-sm mb-2 font-medium\">Men\u00f9 : 42.00\u20ac &#8211; 49.00\u20ac<\/span>\n                            \n            \n            <a href=\"https:\/\/www.teritoria.com\/it\/ristoranti\/la-table-du-gouverneur-3989-re01\/\" class=\"stretched-link\">\n                <span class=\"sr-only\">Scoprire : <\/span>\n            <\/a>\n        <\/div>\n    <\/div>\n    <div class=\"splide__slide relative pdt-mini mb-8 overflow-hidden bg-white ter_item_post_5526\">\n        \t\t\t<span class=\"type_etablissement z-[1] absolute left-[1.3rem]  top-8 lg:top-[1.1rem]\">\n\t\t\t\t<span class=\"inline-block rounded py-3 px-6 bg-[#1E1E1E80]\/50 shadow-[0px_6px_32px_0px_#00000026] text-white uppercase text-[1.2rem] font-semibold font-proza-libre\">\n\t\t\t\t\tRistorante\t\t\t\t<\/span>\n\t\t\t<\/span>\n\t\t\n        <div class=\"pdt-mini__thumb\">\n                            <div class=\"pdt-mini__image ratio pt-[calc(100%\/309*190)]\">\n                    <img loading=\"lazy\" decoding=\"async\" width=\"127\" height=\"190\" src=\"https:\/\/www.teritoria.com\/wp-content\/uploads\/2023\/11\/4023-20211120-100030-0-8688-scaled.jpg\" class=\"object-cover w-full transition-all duration-300 lazy\" alt=\"4023-20211120-100030-0-8688.jpg\" srcset=\"https:\/\/www.teritoria.com\/wp-content\/uploads\/2023\/11\/4023-20211120-100030-0-8688-scaled.jpg 309w, https:\/\/www.teritoria.com\/wp-content\/uploads\/2023\/11\/4023-20211120-100030-0-8688-scaled.jpg 618w\" sizes=\"auto, (min-width: 1440px) 618px, 309px\" title=\"\">                <\/div>\n                    <\/div>\n\n        <div class=\"pdt-mini__body\">\n            <div class=\"product-wishlist\">\n                <button class=\"simplefavorite-button\" data-postid=\"5526\" data-siteid=\"1\" data-groupid=\"1\" data-favoritecount=\"0\" style=\"\"><span><img decoding=\"async\" src=\"\/wp-content\/themes\/teritoria\/template-parts\/icons\/white-heart.svg\" alt=\"\" title=\"\"><\/span><span>Enregistrer<\/span><\/button>            <\/div>\n\n            \n            \n<div class=\"flex gap-4 mb-8\">\n        \n                        <span class=\"etab_labellisation_cuilleres\">\n                        <img decoding=\"async\" class=\"h-[30px]\" src=\"https:\/\/www.teritoria.com\/wp-content\/themes\/teritoria\/assets\/img\/rest\/rest-3.svg\" alt=\"\" title=\"\">\n                    <\/span>\n\n                                            <span class=\"text-[27px] leading-none\">\u2022<\/span>\n                                \n    <!--         <span class=\"text-[27px] leading-none\">\u2022<\/span>\n     -->\n\n\n            <div class=\"etab_images_labels flex gap-2 relative\">\n            <ul class=\"flex flex-wrap gap-4 items-center\">\n                                    \n                                            <li>\n\n                            <img loading=\"lazy\" decoding=\"async\" src=\"https:\/\/www.teritoria.com\/wp-content\/uploads\/2024\/10\/clorofil-3-300x300-1.png\" width=\"32\" height=\"32\" alt=\"Clorofil\" title=\"\">\n\n                        <\/li>\n                                                        \n                                            <li>\n\n                            <img loading=\"lazy\" decoding=\"async\" src=\"https:\/\/www.teritoria.com\/wp-content\/uploads\/2024\/10\/PeaceandWork_MEDAILLE-GOLD_AS_CMJN-1.png\" width=\"32\" height=\"32\" alt=\"Peace &amp; Work3\" title=\"\">\n\n                        <\/li>\n                                                <\/ul>\n        <\/div>\n\n        <\/div>\n            \n                                                <h3 class=\"pdt-mini__name text-[2rem] mb-4 max-w-[244px]\">\n                        Origines par Adrien Descouls                    <\/h3>\n                \n                                    <div class=\"pdt-mini__rank mb-4\">\n                        <span class=\"rank-avis !inline-block\" data-percentage=\"1\"><\/span>\n                        <span class=\"text-black text-[1rem]\">(2664)<\/span>\n                    <\/div>\n                            \n                                                <div class=\"pdt-mini__description font-medium mb-2 text-[#1A2830] text-sm relative pt-[.8rem] before:absolute before:top-0 before:left-0 before:w-[17px] before:border-b before:border-[#FFE1D8]\">\n                        <p>Rue du Clos de la Chaux LE &#8211; BROC 63500<\/p>\n                    <\/div>\n                            \n                            \n                                    <span class=\"etab_prix_du_menu block text-[#001019]\/50 text-sm mb-2 font-medium\">Men\u00f9 : 140.00\u20ac &#8211; 200.00\u20ac<\/span>\n                            \n            \n            <a href=\"https:\/\/www.teritoria.com\/it\/ristoranti\/origines-par-adrien-descouls-4023-re01\/\" class=\"stretched-link\">\n                <span class=\"sr-only\">Scoprire : <\/span>\n            <\/a>\n        <\/div>\n    <\/div>\n    <div class=\"splide__slide relative pdt-mini mb-8 overflow-hidden bg-white ter_item_post_5967\">\n        \t\t\t<span class=\"type_etablissement z-[1] absolute left-[1.3rem]  top-8 lg:top-[1.1rem]\">\n\t\t\t\t<span class=\"inline-block rounded py-3 px-6 bg-[#1E1E1E80]\/50 shadow-[0px_6px_32px_0px_#00000026] text-white uppercase text-[1.2rem] font-semibold font-proza-libre\">\n\t\t\t\t\tRistorante\t\t\t\t<\/span>\n\t\t\t<\/span>\n\t\t\n        <div class=\"pdt-mini__thumb\">\n                            <div class=\"pdt-mini__image ratio pt-[calc(100%\/309*190)]\">\n                    <img loading=\"lazy\" decoding=\"async\" width=\"309\" height=\"179\" src=\"https:\/\/www.teritoria.com\/wp-content\/uploads\/2023\/11\/4152-20230628-171925-0-2350-scaled.jpg\" class=\"object-cover w-full transition-all duration-300 lazy\" alt=\"4152-20230628-171925-0-2350.jpg\" srcset=\"https:\/\/www.teritoria.com\/wp-content\/uploads\/2023\/11\/4152-20230628-171925-0-2350-scaled.jpg 309w, https:\/\/www.teritoria.com\/wp-content\/uploads\/2023\/11\/4152-20230628-171925-0-2350-scaled.jpg 618w\" sizes=\"auto, (min-width: 1440px) 618px, 309px\" title=\"\">                <\/div>\n                    <\/div>\n\n        <div class=\"pdt-mini__body\">\n            <div class=\"product-wishlist\">\n                <button class=\"simplefavorite-button\" data-postid=\"5967\" data-siteid=\"1\" data-groupid=\"1\" data-favoritecount=\"0\" style=\"\"><span><img decoding=\"async\" src=\"\/wp-content\/themes\/teritoria\/template-parts\/icons\/white-heart.svg\" alt=\"\" title=\"\"><\/span><span>Enregistrer<\/span><\/button>            <\/div>\n\n            \n            \n<div class=\"flex gap-4 mb-8\">\n        \n                        <span class=\"etab_labellisation_cuilleres\">\n                        <img decoding=\"async\" class=\"h-[30px]\" src=\"https:\/\/www.teritoria.com\/wp-content\/themes\/teritoria\/assets\/img\/rest\/rest-3.svg\" alt=\"\" title=\"\">\n                    <\/span>\n\n                                            <span class=\"text-[27px] leading-none\">\u2022<\/span>\n                                \n    <!--         <span class=\"text-[27px] leading-none\">\u2022<\/span>\n     -->\n\n\n            <div class=\"etab_images_labels flex gap-2 relative\">\n            <ul class=\"flex flex-wrap gap-4 items-center\">\n                                    \n                                            <li>\n\n                            <img loading=\"lazy\" decoding=\"async\" src=\"https:\/\/www.teritoria.com\/wp-content\/uploads\/2024\/10\/PeaceandWork_MEDAILLE-GOLD_AS_CMJN-1.png\" width=\"32\" height=\"32\" alt=\"Peace &amp; Work3\" title=\"\">\n\n                        <\/li>\n                                                <\/ul>\n        <\/div>\n\n        <\/div>\n            \n                                                <h3 class=\"pdt-mini__name text-[2rem] mb-4 max-w-[244px]\">\n                        Le Refuge des Gourmets                    <\/h3>\n                \n                            \n                                                <div class=\"pdt-mini__description font-medium mb-2 text-[#1A2830] text-sm relative pt-[.8rem] before:absolute before:top-0 before:left-0 before:w-[17px] before:border-b before:border-[#FFE1D8]\">\n                        <p>90 route des Framboises &#8211; MACHILLY 74140<\/p>\n                    <\/div>\n                            \n                            \n                                    <span class=\"etab_prix_du_menu block text-[#001019]\/50 text-sm mb-2 font-medium\">Men\u00f9 : 99.00\u20ac &#8211; 150.00\u20ac<\/span>\n                            \n            \n            <a href=\"https:\/\/www.teritoria.com\/it\/ristoranti\/le-refuge-des-gourmets-4152-re01\/\" class=\"stretched-link\">\n                <span class=\"sr-only\">Scoprire : <\/span>\n            <\/a>\n        <\/div>\n    <\/div>\n\t\t\t\t\t\t<\/div>\n\t\t\t\t\t<\/div>\n\t\t\t\t<\/div>\n\t\t\t\n\t\t\t\t\t\t\t<div class=\"block lg:hidden text-center\">\n\t\t\t\t\t\t\t\t\t\t\t\t\t\t\t\t<a href=\"\/it\/ristoranti\/destinazioni\/francia\/alvernia-rodano-alpi\/\"\n\t\t\t\t\t\t   target=\"_blank\"\n\t\t\t\t\t\t   class=\"btn text-white pb-6 pt-7 px-12\"\n\t\t\t\t\t\t   style=\"color: #ffffff; background-color: #1a2830;\"\n\t\t\t\t\t\t   title=\"title\"\n\t\t\t\t\t\t>\n\t\t\t\t\t\t   Vedi altri ristoranti\t\t\t\t\t\t<\/a>\n\t\t\t\t\t\t\t\t\t<\/div>\n\t\n\t\t\t\t\t<\/div>\n\t<\/div>\n\n\n\t\n<\/div>\n\n\n\n\n\n\n\n\n\n\n\n\n<div class=\"wp-block-columns is-layout-flex wp-container-core-columns-is-layout-9d6595d7 wp-block-columns-is-layout-flex\" id=\"partie-4\">\n<div class=\"wp-block-column has-background is-layout-flow wp-block-column-is-layout-flow\" style=\"background-color:#1a2830;flex-basis:100%\">\n<div style=\"height:17px\" aria-hidden=\"true\" class=\"wp-block-spacer\"><\/div>\n\n\n\n<span class=\"has-text-align-center bbc_block_title font-proza-libre block font-bold tracking-widest mb-2 uppercase text-sm text-orange-200\" >Parte 4<\/span>\n\n\n\n<h2 class=\"wp-block-heading has-text-align-center\" style=\"font-size:25px;font-style:normal;font-weight:600;color:#FFFFFF\">Storia cult in Alvernia-Rodano-Alpi<\/h2>\n\n\n\n<div style=\"height:20px\" aria-hidden=\"true\" class=\"wp-block-spacer\"><\/div>\n\n\n\n<div class=\"wp-block-columns is-layout-flex wp-container-core-columns-is-layout-9d6595d7 wp-block-columns-is-layout-flex\">\n<div class=\"wp-block-column is-layout-flow wp-block-column-is-layout-flow\" style=\"flex-basis:15%\"><\/div>\n\n\n\n<div class=\"wp-block-column is-layout-flow wp-block-column-is-layout-flow\" style=\"flex-basis:70%\">\n<p class=\"has-text-align-center has-white-color has-text-color has-link-color wp-elements-32027ce3f649cc9cb9a39201fcfadda4\" style=\"font-size:16px\">Nati tra trucioli di legno e spirito innovativo, gli occhiali Wood Light incarnano l&#8217;anima artigianale e impegnata dell&#8217;Alvernia. Pezzi unici in collezioni capsule, combinano design, materia e memoria.<\/p>\n<\/div>\n\n\n\n<div class=\"wp-block-column is-layout-flow wp-block-column-is-layout-flow\" style=\"flex-basis:15%\"><\/div>\n<\/div>\n\n\n\n<div class=\"wp-block-columns is-layout-flex wp-container-core-columns-is-layout-9d6595d7 wp-block-columns-is-layout-flex\">\n<div class=\"wp-block-column is-layout-flow wp-block-column-is-layout-flow\" style=\"flex-basis:25%\"><\/div>\n\n\n\n<div class=\"wp-block-column is-vertically-aligned-center is-layout-flow wp-block-column-is-layout-flow\" style=\"flex-basis:50%\">\n<div style=\"height:15px\" aria-hidden=\"true\" class=\"wp-block-spacer\"><\/div>\n\n\n<div class=\"wp-block-image text-align: left\">\n<figure class=\"aligncenter size-full is-resized\"><img loading=\"lazy\" decoding=\"async\" width=\"1600\" height=\"1060\" src=\"https:\/\/www.teritoria.com\/wp-content\/uploads\/2025\/06\/wood_light_lunettes.jpg\" alt=\"\" class=\"wp-image-140450\" style=\"width:557px;height:auto\" title=\"\" srcset=\"https:\/\/www.teritoria.com\/wp-content\/uploads\/2025\/06\/wood_light_lunettes.jpg 1600w, https:\/\/www.teritoria.com\/wp-content\/uploads\/2025\/06\/wood_light_lunettes-300x199.jpg 300w, https:\/\/www.teritoria.com\/wp-content\/uploads\/2025\/06\/wood_light_lunettes-1024x678.jpg 1024w, https:\/\/www.teritoria.com\/wp-content\/uploads\/2025\/06\/wood_light_lunettes-768x509.jpg 768w, https:\/\/www.teritoria.com\/wp-content\/uploads\/2025\/06\/wood_light_lunettes-1536x1018.jpg 1536w\" sizes=\"auto, (max-width: 1600px) 100vw, 1600px\" \/><\/figure><\/div><\/div>\n\n\n\n<div class=\"wp-block-column is-layout-flow wp-block-column-is-layout-flow\" style=\"flex-basis:25%\"><\/div>\n<\/div>\n\n\n\n<div class=\"wp-block-columns is-layout-flex wp-container-core-columns-is-layout-9d6595d7 wp-block-columns-is-layout-flex\">\n<div class=\"wp-block-column is-layout-flow wp-block-column-is-layout-flow\" style=\"flex-basis:10%\"><\/div>\n\n\n\n<div class=\"wp-block-column is-layout-flow wp-block-column-is-layout-flow\" style=\"flex-basis:80%\">\n<h3 class=\"wp-block-heading has-text-align-center has-text-color has-link-color wp-elements-cf2459c5cffc82a0e49d5bbfc375d72a\" style=\"color:#ff8300;font-size:22px\"><mark style=\"background-color:rgba(0, 0, 0, 0)\" class=\"has-inline-color has-white-color\">Wood Light :<br><\/mark><i> <em>Dai rami agli occhiali<\/em><\/i><\/h3>\n<\/div>\n\n\n\n<div class=\"wp-block-column is-layout-flow wp-block-column-is-layout-flow\" style=\"flex-basis:10%\"><\/div>\n<\/div>\n\n\n\n<div class=\"wp-block-columns is-layout-flex wp-container-core-columns-is-layout-9d6595d7 wp-block-columns-is-layout-flex\">\n<div class=\"wp-block-column is-layout-flow wp-block-column-is-layout-flow\" style=\"flex-basis:20%\"><\/div>\n\n\n\n<div class=\"wp-block-column is-layout-flow wp-block-column-is-layout-flow\" style=\"flex-basis:60%\">\n<div style=\"height:20px\" aria-hidden=\"true\" class=\"wp-block-spacer\"><\/div>\n\n\n\n<p class=\"text-justify has-white-color has-text-color has-link-color wp-elements-06b8178b8a8de5362fa2eee7ee50f7c7\" style=\"font-size:16px\">Hanno trascorso la loro infanzia tra i trucioli di legno del nonno falegname. L&#8217;incontro nel 2016 con Thibault Randoin, un amico ottico e creatore di Optic D\u00f4me, ha dato a Julien e Vincent Douzal, ingegneri di formazione, l&#8217;idea di progettare occhiali in legno che unissero stile, qualit\u00e0 ed etica. Realizzati artigianalmente e manualmente secondo una tecnica di assemblaggio multistrato &#8211; diverse lame di legno vengono incollate insieme, garantendo cos\u00ec solidit\u00e0 e leggerezza &#8211; in un laboratorio specializzato nella lavorazione del legno a Martres-de-Veyre in Alvernia, gli occhiali Wood Light, unici e numerati, portano ciascuno la storia del pezzo che lo compone: frassino, quercia, pero, noce&#8230;<\/p>\n\n\n\n   <div id=\"block-home-info\" class=\"wp-block-create-block-block-img-text block_img_text_class block_info_custom_class my-16 lg:my-24\">\n      <div class=\"grid items-center text-center px-[2.4rem] lg:px-0 lg:text-left  lg:grid-cols-2\">\n         <div class=\"order-1 ps-[5vw] pe-14 contents lg:block\">\n            \n                           <div class=\"bit_content mb-14 order-3 lg:mb-10\" style=\"color:#414B5A\">\n                  <p style=\"text-align: justify;color:#FFFFFF\">Modelli personalizzabili &#8211; grazie alla scelta dell&#8217;impiallacciatura, del colore delle lenti e alla possibilit\u00e0 di incidere sulle aste una data, una parola, un disegno, ecc. &#8211; consegnati in una scatola di cartone riciclato con custodia in cotone biologico stampato. Oltre alla linea principale, il marchio sviluppa regolarmente collezioni e collaborazioni speciali: West Serie, con le aste in pino delle Landes; Champagne Mademoiselle Jeanne, il cui legno proviene dalla stessa botte di rovere di un millesimato della maison di Champagne Richard Boyer; Peak Serie, ideata con lo Studio Joran Briand riciclando gli scarti di produzione degli sci Fusta, il cui design si ispira agli occhiali da ghiacciaio di un tempo, in eco allo spirito montano caro a Wood Light.<\/p>\n               <\/div>\n            \n                     <\/div>\n\n                     <div class=\"order-2 mb-8 lg:mb-0 overflow-hidden rounded\">\n               <div class=\"ratio pt-[calc(100%\/710*441)]\">\n                  <img decoding=\"async\" src=\"data:image\/png;base64,iVBORw0KGgoAAAANSUhEUgAAAAEAAAABCAYAAAAfFcSJAAAADUlEQVR42mO8fPPmGQAIXwNTEbZW6QAAAABJRU5ErkJggg==\" data-src=\"https:\/\/www.teritoria.com\/wp-content\/uploads\/2025\/06\/Julien-Atelier_wood_light.jpg\" alt=\"\" class=\"object-cover w-full lazy\" title=\"\">\n               <\/div>\n            <\/div>\n         \n      <\/div>\n   <\/div>\n\n\n\n<p class=\"text-justify has-white-color has-text-color has-link-color wp-elements-11d54f04ec52aafbb4598d7a2bbe784e\" style=\"font-size:16px\">Quando il fondatore dell&#8217;azienda incontra Adrien Descouls, chef stellato del <a href=\"https:\/\/www.teritoria.com\/it\/ristoranti\/origines-par-adrien-descouls-4023-re01\/\"><u>ristorante Origines<\/u><\/a> nel Puy de D\u00f4me, quest&#8217;ultimo gli confida il suo desiderio di avere un paio di occhiali unici made in France. Dal loro attaccamento al territorio, l&#8217;Alvernia, e ai suoi vulcani, nasce la capsule collection <em>Volcanic Serie, <\/em>occhiali da sole dal sottile contrasto tra le aste in legno e la montatura con frammenti di pietra nera di Volvic incastonati in acetato cristallo.<\/p>\n\n\n\n<p class=\"has-text-align-right has-text-color has-link-color wp-elements-15e8f786dbf72ec337212549ad0b7c80\" style=\"color:#ff8300;font-size:14px\">Per saperne di pi\u00f9 : <a href=\"http:\/\/www.woodlight-boutique.com\" target=\"_blank\" rel=\"noreferrer noopener nofollow\"><u>woodlight-boutique.com<\/u><\/a><\/p>\n\n\n\n<div style=\"height:20px\" aria-hidden=\"true\" class=\"wp-block-spacer\"><\/div>\n<\/div>\n\n\n\n<div class=\"wp-block-column is-layout-flow wp-block-column-is-layout-flow\" style=\"flex-basis:20%\"><\/div>\n<\/div>\n<\/div>\n<\/div>\n\n\n\n<div class=\"wp-block-columns is-layout-flex wp-container-core-columns-is-layout-9d6595d7 wp-block-columns-is-layout-flex\" id=\"partie-5\">\n<div class=\"wp-block-column is-layout-flow wp-block-column-is-layout-flow\" style=\"flex-basis:20%\"><\/div>\n\n\n\n<div class=\"wp-block-column is-layout-flow wp-block-column-is-layout-flow\" style=\"flex-basis:60%\">\n<span class=\"has-text-align-center bbc_block_title font-proza-libre block font-bold tracking-widest mb-2 uppercase text-sm text-orange-200\" >Parte 5<\/span>\n\n\n\n<h2 class=\"wp-block-heading has-text-align-center\" style=\"font-size:25px;font-style:normal;font-weight:600\">Quali sono le attrazioni imperdibili<br>della regione Alvernia-Rodano-Alpi?<\/h2>\n<\/div>\n\n\n\n<div class=\"wp-block-column is-layout-flow wp-block-column-is-layout-flow\" style=\"flex-basis:20%\"><\/div>\n<\/div>\n\n\n\n<section id=\"carnets_voyage-block_6d0f1727f509f088bc422af083ba14ab\" \nclass=\"px-[2.4rem] lg:px-[5vw] my-16 lg:my-24\">\n    <div class=\"my-16 lg:mt-20 lg:mb-24\">\n        <div class=\"container max-lg:px-[2.4rem] max-w-[1219px]\">\n            <div class=\"text-center\">\n                                    <h2 class=\"beg_block_title_marketing text-[2.6rem] lg:text-md leading-[1.3] mb-10 lg:mb-12\">\n                                            <\/h2>\n                            <\/div>\n            \n                                        <div class=\"splide max-lg:-mr-[2.4rem]\" \n                    role=\"group\" \n                    aria-label=\"Product slider\" \n                    data-splide={\"type\":\"slide\",\"perPage\":5,\"perMove\":1,\"pagination\":false,\"gap\":\"1.5rem\",\"arrows\":false,\"breakpoints\":{\"1024\":{\"perPage\":1,\"padding\":{\"left\":\"0\",\"right\":\"10rem\"}}}}>\n                    <div class=\"splide__track\">\n                        <div class=\"splide__list\">\n                            \n                                <div class=\"splide__slide relative rounded-2xl lg:rounded overflow-hidden\">\n                                    <a href=\"#\" class=\"img-animation-scale-150 after:absolute after:top-0 after:left-0 after:w-full after:h-full after:bg-gradient-to-t after:to-[33.33%] after:from-[rgba(0,0,0,.60)]\">\n                                                                                    <div class=\"ratio pt-[calc(100%\/221*370)] lg:pt-[calc(100%\/203*370)]\">\n                                                <img decoding=\"async\" src=\"data:image\/png;base64,iVBORw0KGgoAAAANSUhEUgAAAAEAAAABCAYAAAAfFcSJAAAADUlEQVR42mO8fPPmGQAIXwNTEbZW6QAAAABJRU5ErkJggg==\" data-src=\"https:\/\/www.teritoria.com\/wp-content\/uploads\/2025\/06\/festival_court_metrage_clermont_ferrand.jpg\" alt=\"Festival del corto-metraggio a Clermont-Ferrand\" class=\"h-full w-full object-cover transition-all duration-300 lazy\" title=\"\">\n                                            <\/div>\n                                        \n                                        <div class=\"absolute top-0 left-0 w-full h-full flex justify-between flex-col text-center px-[1.1rem] py-[2.5rem] z-10\">\n                                                                                            <h3 class=\"italic font-extrabold text-[3.4rem] leading-[1.11] text-white font-playfair-display\">\n                                                    Festival del corto-metraggio a Clermont-Ferrand                                                <\/h3>\n                                            \n                                                                                            <span class=\"text-white link text-xs\" ><\/span>\n                                                                                    <\/div>\n                                    <\/a>\n                                <\/div>\n\n                            \n                                <div class=\"splide__slide relative rounded-2xl lg:rounded overflow-hidden\">\n                                    <a href=\"#\" class=\"img-animation-scale-150 after:absolute after:top-0 after:left-0 after:w-full after:h-full after:bg-gradient-to-t after:to-[33.33%] after:from-[rgba(0,0,0,.60)]\">\n                                                                                    <div class=\"ratio pt-[calc(100%\/221*370)] lg:pt-[calc(100%\/203*370)]\">\n                                                <img decoding=\"async\" src=\"data:image\/png;base64,iVBORw0KGgoAAAANSUhEUgAAAAEAAAABCAYAAAAfFcSJAAAADUlEQVR42mO8fPPmGQAIXwNTEbZW6QAAAABJRU5ErkJggg==\" data-src=\"https:\/\/www.teritoria.com\/wp-content\/uploads\/2025\/06\/riviere_ardeche_auvergne_rhone_alpes.jpg\" alt=\"Sentiero delle gole dell&#039;Ard\u00e8che\" class=\"h-full w-full object-cover transition-all duration-300 lazy\" title=\"\">\n                                            <\/div>\n                                        \n                                        <div class=\"absolute top-0 left-0 w-full h-full flex justify-between flex-col text-center px-[1.1rem] py-[2.5rem] z-10\">\n                                                                                            <h3 class=\"italic font-extrabold text-[3.4rem] leading-[1.11] text-white font-playfair-display\">\n                                                    Sentiero delle gole dell&#8217;Ard\u00e8che                                                <\/h3>\n                                            \n                                                                                            <span class=\"text-white link text-xs\" ><\/span>\n                                                                                    <\/div>\n                                    <\/a>\n                                <\/div>\n\n                            \n                                <div class=\"splide__slide relative rounded-2xl lg:rounded overflow-hidden\">\n                                    <a href=\"#\" class=\"img-animation-scale-150 after:absolute after:top-0 after:left-0 after:w-full after:h-full after:bg-gradient-to-t after:to-[33.33%] after:from-[rgba(0,0,0,.60)]\">\n                                                                                    <div class=\"ratio pt-[calc(100%\/221*370)] lg:pt-[calc(100%\/203*370)]\">\n                                                <img decoding=\"async\" src=\"data:image\/png;base64,iVBORw0KGgoAAAANSUhEUgAAAAEAAAABCAYAAAAfFcSJAAAADUlEQVR42mO8fPPmGQAIXwNTEbZW6QAAAABJRU5ErkJggg==\" data-src=\"https:\/\/www.teritoria.com\/wp-content\/uploads\/2025\/06\/meule_beaufort_region_auvergne_rhone_alpes_page_frederique.jpg\" alt=\"Festa dei formaggi a Beaufort\" class=\"h-full w-full object-cover transition-all duration-300 lazy\" title=\"\">\n                                            <\/div>\n                                        \n                                        <div class=\"absolute top-0 left-0 w-full h-full flex justify-between flex-col text-center px-[1.1rem] py-[2.5rem] z-10\">\n                                                                                            <h3 class=\"italic font-extrabold text-[3.4rem] leading-[1.11] text-white font-playfair-display\">\n                                                    Festa dei formaggi a Beaufort                                                <\/h3>\n                                            \n                                                                                            <span class=\"text-white link text-xs\" ><\/span>\n                                                                                    <\/div>\n                                    <\/a>\n                                <\/div>\n\n                            \n                                <div class=\"splide__slide relative rounded-2xl lg:rounded overflow-hidden\">\n                                    <a href=\"#\" class=\"img-animation-scale-150 after:absolute after:top-0 after:left-0 after:w-full after:h-full after:bg-gradient-to-t after:to-[33.33%] after:from-[rgba(0,0,0,.60)]\">\n                                                                                    <div class=\"ratio pt-[calc(100%\/221*370)] lg:pt-[calc(100%\/203*370)]\">\n                                                <img decoding=\"async\" src=\"data:image\/png;base64,iVBORw0KGgoAAAANSUhEUgAAAAEAAAABCAYAAAAfFcSJAAAADUlEQVR42mO8fPPmGQAIXwNTEbZW6QAAAABJRU5ErkJggg==\" data-src=\"https:\/\/www.teritoria.com\/wp-content\/uploads\/2025\/06\/montgolfieres-puy-en-velay-auvergne_rhone-alpes-1.jpg\" alt=\"Montgol-fiadi del Puy-en-Velay\" class=\"h-full w-full object-cover transition-all duration-300 lazy\" title=\"\">\n                                            <\/div>\n                                        \n                                        <div class=\"absolute top-0 left-0 w-full h-full flex justify-between flex-col text-center px-[1.1rem] py-[2.5rem] z-10\">\n                                                                                            <h3 class=\"italic font-extrabold text-[3.4rem] leading-[1.11] text-white font-playfair-display\">\n                                                    Montgol-fiadi del Puy-en-Velay                                                <\/h3>\n                                            \n                                                                                            <span class=\"text-white link text-xs\" ><\/span>\n                                                                                    <\/div>\n                                    <\/a>\n                                <\/div>\n\n                            \n                                <div class=\"splide__slide relative rounded-2xl lg:rounded overflow-hidden\">\n                                    <a href=\"#\" class=\"img-animation-scale-150 after:absolute after:top-0 after:left-0 after:w-full after:h-full after:bg-gradient-to-t after:to-[33.33%] after:from-[rgba(0,0,0,.60)]\">\n                                                                                    <div class=\"ratio pt-[calc(100%\/221*370)] lg:pt-[calc(100%\/203*370)]\">\n                                                <img decoding=\"async\" src=\"data:image\/png;base64,iVBORw0KGgoAAAANSUhEUgAAAAEAAAABCAYAAAAfFcSJAAAADUlEQVR42mO8fPPmGQAIXwNTEbZW6QAAAABJRU5ErkJggg==\" data-src=\"https:\/\/www.teritoria.com\/wp-content\/uploads\/2025\/06\/rando_nocturne_chartreuse_auvergne-rhone-alpes_lappel-de-la-nature.webp\" alt=\"Escursione notturna nella Chartreuse\" class=\"h-full w-full object-cover transition-all duration-300 lazy\" title=\"\">\n                                            <\/div>\n                                        \n                                        <div class=\"absolute top-0 left-0 w-full h-full flex justify-between flex-col text-center px-[1.1rem] py-[2.5rem] z-10\">\n                                                                                            <h3 class=\"italic font-extrabold text-[3.4rem] leading-[1.11] text-white font-playfair-display\">\n                                                    Escursione notturna nella Chartreuse                                                <\/h3>\n                                            \n                                                                                            <span class=\"text-white link text-xs\" ><\/span>\n                                                                                    <\/div>\n                                    <\/a>\n                                <\/div>\n\n                                                    <\/div>\n                    <\/div>\n                <\/div>\n            \n        <\/div>\n    <\/div>\n<\/section>\n\n\n\n<div class=\"wp-block-columns is-layout-flex wp-container-core-columns-is-layout-9d6595d7 wp-block-columns-is-layout-flex\" id=\"partie-6\">\n<div class=\"wp-block-column is-layout-flow wp-block-column-is-layout-flow\" style=\"flex-basis:5%\"><\/div>\n\n\n\n<div class=\"wp-block-column has-background is-layout-flow wp-block-column-is-layout-flow\" style=\"background-color:#fff3ef;flex-basis:90%\">\n<div style=\"height:17px\" aria-hidden=\"true\" class=\"wp-block-spacer\"><\/div>\n\n\n\n<span class=\"has-text-align-center bbc_block_title font-proza-libre block font-bold tracking-widest mb-2 uppercase text-sm text-orange-200\" >Parte 6<\/span>\n\n\n\n<h2 class=\"wp-block-heading has-text-align-center\" style=\"font-size:25px;font-style:normal;font-weight:600\">Cosa fare in Alvernia-Rodano-Alpi?<\/h2>\n\n\n\n<div style=\"height:30px\" aria-hidden=\"true\" class=\"wp-block-spacer\"><\/div>\n\n\n\n<div class=\"wp-block-columns are-vertically-aligned-center is-layout-flex wp-container-core-columns-is-layout-9d6595d7 wp-block-columns-is-layout-flex\">\n<div class=\"wp-block-column is-vertically-aligned-center is-layout-flow wp-block-column-is-layout-flow\" style=\"flex-basis:5%\"><\/div>\n\n\n\n<div class=\"wp-block-column is-vertically-aligned-center is-layout-flow wp-block-column-is-layout-flow\" style=\"flex-basis:40%\">\n<div class=\"wp-block-group\"><div class=\"wp-block-group__inner-container is-layout-constrained wp-block-group-is-layout-constrained\">\n<h3 class=\"wp-block-heading has-text-color has-link-color wp-elements-2b89c6a625ff85c4335006dc2d0b5bb9\" style=\"color:#ff8300;font-size:25px\">Le attivit\u00e0 culturali<\/h3>\n\n\n\n<div style=\"height:30px\" aria-hidden=\"true\" class=\"wp-block-spacer\"><\/div>\n<\/div><\/div>\n\n\n\n<div class=\"wp-block-group is-vertical is-layout-flex wp-container-core-group-is-layout-8cf370e7 wp-block-group-is-layout-flex\">\n<h4 class=\"wp-block-heading text-justify\" style=\"font-size:18px\"><strong>1. <strong><strong>Castello di Murol<\/strong><\/strong> (Puy de D\u00f4me, 63)<\/strong><\/h4>\n\n\n\n<p class=\"text-justify\" style=\"font-size:16px\">Visita questo castello medievale che domina la valle. Scoprite la storia di questo monumento emblematico dell&#8217;Alvernia, teatro di numerosi eventi storici. Le ricostruzioni storiche vi trasporteranno nell&#8217;epoca medievale e vi faranno rivivere la vita quotidiana nel castello.<\/p>\n\n\n\n<div style=\"height:0px\" aria-hidden=\"true\" class=\"wp-block-spacer wp-container-content-728072c3\"><\/div>\n\n\n\n<h4 class=\"wp-block-heading\" style=\"font-size:18px\"><strong>2. <strong><strong>Basilica di Notre-Dame di Fourvi\u00e8re a Lione<\/strong><\/strong> (Rh\u00f4ne, 69)<\/strong><\/h4>\n\n\n\n<p class=\"text-justify\" style=\"font-size:16px\">Scopri questo monumento simbolo di Lione, arroccato sulla collina di Fourvi\u00e8re. La basilica offre una vista spettacolare sulla citt\u00e0 e i suoi interni riccamente decorati, con mosaici e vetrate, costituiscono un&#8217;affascinante testimonianza dell&#8217;arte religiosa.<\/p>\n\n\n\n<div style=\"height:0px\" aria-hidden=\"true\" class=\"wp-block-spacer wp-container-content-728072c3\"><\/div>\n\n\n\n<h4 class=\"wp-block-heading\" style=\"font-size:18px\"><strong>3. <strong><strong>Museo della Grande Chartreuse<\/strong><\/strong> <span style=\"font-weight: 400; white-space-collapse: collapse; font-size: 12pt; line-height: 18.56px; font-family: Aptos, sans-serif;\"><\/span><span style=\"font-size: medium; font-weight: 400; white-space-collapse: collapse;\"><\/span>(Is\u00e8re, 38)<\/strong><\/h4>\n\n\n\n<p class=\"text-justify\" style=\"font-size:16px\">Entra nell&#8217;universo dei monaci certosini e scoprite l&#8217;affascinante storia dell&#8217;Ordine Certosino. Il museo, situato a Saint-Pierre-de-Chartreuse, offre un percorso immersivo che ripercorre la vita dei monaci, la loro quotidianit\u00e0 e i segreti della produzione del famoso liquore.<\/p>\n\n\n\n<div style=\"height:0px\" aria-hidden=\"true\" class=\"wp-block-spacer wp-container-content-728072c3\"><\/div>\n\n\n\n<h4 class=\"wp-block-heading\" style=\"font-size:18px\"><strong>4. <strong><strong>Citt\u00e0 vecchia di Chamb\u00e9ry<\/strong><\/strong> (Savoie, 73)<\/strong><\/h4>\n\n\n\n<p class=\"text-justify\" style=\"font-size:16px\">Esplora i vicoli della citt\u00e0 vecchia di Chamb\u00e9ry, capitale storica della Savoia. Scoprite i suoi portici, le case colorate e la famosa Fontana degli Elefanti, vero simbolo della citt\u00e0. L&#8217;atmosfera tranquilla invita alla scoperta del patrimonio locale.<\/p>\n<\/div>\n<\/div>\n\n\n\n<div class=\"wp-block-column is-vertically-aligned-center is-layout-flow wp-block-column-is-layout-flow\" style=\"flex-basis:3%\"><\/div>\n\n\n\n<div class=\"wp-block-column is-vertically-aligned-center is-layout-flow wp-block-column-is-layout-flow\" style=\"flex-basis:37.8%\">\n<figure class=\"wp-block-image size-full\"><img loading=\"lazy\" decoding=\"async\" width=\"1600\" height=\"1067\" src=\"https:\/\/www.teritoria.com\/wp-content\/uploads\/2025\/06\/notre-dame-fourviere_lyon_auvergne-rhone-alpes-France_serff79.jpg\" alt=\"\" class=\"wp-image-140686\" title=\"\" srcset=\"https:\/\/www.teritoria.com\/wp-content\/uploads\/2025\/06\/notre-dame-fourviere_lyon_auvergne-rhone-alpes-France_serff79.jpg 1600w, https:\/\/www.teritoria.com\/wp-content\/uploads\/2025\/06\/notre-dame-fourviere_lyon_auvergne-rhone-alpes-France_serff79-300x200.jpg 300w, https:\/\/www.teritoria.com\/wp-content\/uploads\/2025\/06\/notre-dame-fourviere_lyon_auvergne-rhone-alpes-France_serff79-1024x683.jpg 1024w, https:\/\/www.teritoria.com\/wp-content\/uploads\/2025\/06\/notre-dame-fourviere_lyon_auvergne-rhone-alpes-France_serff79-768x512.jpg 768w, https:\/\/www.teritoria.com\/wp-content\/uploads\/2025\/06\/notre-dame-fourviere_lyon_auvergne-rhone-alpes-France_serff79-1536x1024.jpg 1536w\" sizes=\"auto, (max-width: 1600px) 100vw, 1600px\" \/><figcaption class=\"wp-element-caption\"><em><em>La Basilica di Notre Dame di Fourvi\u00e8re a Lione<\/em>,<em><em> crediti fotografici<\/em><\/em> \u00a9Shutterstock \u2013 SerFF79<\/em><\/figcaption><\/figure>\n<\/div>\n\n\n\n<div class=\"wp-block-column is-vertically-aligned-center is-layout-flow wp-block-column-is-layout-flow\" style=\"flex-basis:5%\"><\/div>\n<\/div>\n\n\n\n<div style=\"height:10px\" aria-hidden=\"true\" class=\"wp-block-spacer\"><\/div>\n\n\n\n<div class=\"wp-block-columns are-vertically-aligned-center is-layout-flex wp-container-core-columns-is-layout-9d6595d7 wp-block-columns-is-layout-flex\">\n<div class=\"wp-block-column is-vertically-aligned-center is-layout-flow wp-block-column-is-layout-flow\" style=\"flex-basis:5%\"><\/div>\n\n\n\n<div class=\"wp-block-column is-vertically-aligned-center is-layout-flow wp-block-column-is-layout-flow\" style=\"flex-basis:37.8%\">\n<figure class=\"wp-block-image size-full\"><img loading=\"lazy\" decoding=\"async\" width=\"1600\" height=\"1067\" src=\"https:\/\/www.teritoria.com\/wp-content\/uploads\/2025\/06\/ferme_lavandiere_drome_auvergne_rhone-alpes_france_pernelle_voyage.jpg\" alt=\"\" class=\"wp-image-140674\" title=\"\" srcset=\"https:\/\/www.teritoria.com\/wp-content\/uploads\/2025\/06\/ferme_lavandiere_drome_auvergne_rhone-alpes_france_pernelle_voyage.jpg 1600w, https:\/\/www.teritoria.com\/wp-content\/uploads\/2025\/06\/ferme_lavandiere_drome_auvergne_rhone-alpes_france_pernelle_voyage-300x200.jpg 300w, https:\/\/www.teritoria.com\/wp-content\/uploads\/2025\/06\/ferme_lavandiere_drome_auvergne_rhone-alpes_france_pernelle_voyage-1024x683.jpg 1024w, https:\/\/www.teritoria.com\/wp-content\/uploads\/2025\/06\/ferme_lavandiere_drome_auvergne_rhone-alpes_france_pernelle_voyage-768x512.jpg 768w, https:\/\/www.teritoria.com\/wp-content\/uploads\/2025\/06\/ferme_lavandiere_drome_auvergne_rhone-alpes_france_pernelle_voyage-1536x1024.jpg 1536w\" sizes=\"auto, (max-width: 1600px) 100vw, 1600px\" \/><figcaption class=\"wp-element-caption\"><em>Azienda agricola di lavanda nella Dr\u00f4me, <em><em><em>crediti fotografici<\/em><\/em> <\/em> \u00a9Shutterstock \u2013 Pernelle Voyage<\/em><\/figcaption><\/figure>\n<\/div>\n\n\n\n<div class=\"wp-block-column is-vertically-aligned-center is-layout-flow wp-block-column-is-layout-flow\" style=\"flex-basis:3%\"><\/div>\n\n\n\n<div class=\"wp-block-column is-vertically-aligned-center is-layout-flow wp-block-column-is-layout-flow\" style=\"flex-basis:40%\">\n<div class=\"wp-block-group\"><div class=\"wp-block-group__inner-container is-layout-constrained wp-block-group-is-layout-constrained\">\n<h3 class=\"wp-block-heading has-text-color has-link-color wp-elements-21edbd29fef23f7ca2668f0c6e473790\" style=\"color:#ff8300;font-size:25px\">Le attivit\u00e0 insolite<\/h3>\n\n\n\n<div style=\"height:30px\" aria-hidden=\"true\" class=\"wp-block-spacer\"><\/div>\n<\/div><\/div>\n\n\n\n<h4 class=\"wp-block-heading text-justify\" style=\"font-size:18px\"><strong>1. <strong><strong>Notte in una capanna sospesa<\/strong><\/strong> (Ard\u00e8che, 07)<\/strong><\/h4>\n\n\n\n<p class=\"text-justify\" style=\"font-size:16px\">Trascorri una notte in una capanna sospesa tra gli alberi, nel cuore delle foreste dell&#8217;Ard\u00e8che. Goditi la tranquillit\u00e0 dei dintorni, lontano dal trambusto urbano, e ritrova il contatto con la natura. Lasciati cullare dal canto degli uccelli e dal fruscio delle foglie.<\/p>\n\n\n\n<div style=\"height:10px\" aria-hidden=\"true\" class=\"wp-block-spacer\"><\/div>\n\n\n\n<h4 class=\"wp-block-heading\" style=\"font-size:18px\"><strong>2.  <strong><strong>Canyoning nelle Gole del Furon<\/strong><\/strong><\/strong> <strong>(Is\u00e8re, 38)<\/strong><span style=\"white-space-collapse: collapse; font-size: 12pt; line-height: 18.56px; font-family: Aptos, sans-serif;\"><\/span><span style=\"font-size: medium; white-space-collapse: collapse;\"><\/span><\/h4>\n\n\n\n<p style=\"font-size:16px\">Parti all&#8217;avventura nelle Gole del Furon, vicino a Grenoble. Esplora questo scenario naturale eccezionale, tra salti nelle vasche, discese in corda doppia e scivolate su scivoli naturali. Un&#8217;attivit\u00e0 perfetta per gli amanti del brivido.<\/p>\n\n\n\n<div style=\"height:10px\" aria-hidden=\"true\" class=\"wp-block-spacer\"><\/div>\n\n\n\n<h4 class=\"wp-block-heading\" style=\"font-size:18px\"><strong>3. <strong><strong>Visita a una fattoria dove si coltiva la lavanda<\/strong><\/strong> (Dr\u00f4me, 26)<\/strong><\/h4>\n\n\n\n<p class=\"text-justify\" style=\"font-size:16px\">Visita una fattoria di lavanda nella Dr\u00f4me e scopri di pi\u00f9 sulla coltivazione di questa pianta emblematica. Esplora i campi in fiore, ammira i colori e i profumi che emanano e immergiti nei segreti della produzione dell&#8217;olio essenziale di lavanda.<\/p>\n\n\n\n<div style=\"height:10px\" aria-hidden=\"true\" class=\"wp-block-spacer\"><\/div>\n<\/div>\n\n\n\n<div class=\"wp-block-column is-vertically-aligned-center is-layout-flow wp-block-column-is-layout-flow\" style=\"flex-basis:5%\"><\/div>\n<\/div>\n\n\n\n<div style=\"height:10px\" aria-hidden=\"true\" class=\"wp-block-spacer\"><\/div>\n\n\n\n<div class=\"wp-block-columns are-vertically-aligned-center is-layout-flex wp-container-core-columns-is-layout-9d6595d7 wp-block-columns-is-layout-flex\">\n<div class=\"wp-block-column is-vertically-aligned-center is-layout-flow wp-block-column-is-layout-flow\" style=\"flex-basis:5%\"><\/div>\n\n\n\n<div class=\"wp-block-column is-vertically-aligned-center is-layout-flow wp-block-column-is-layout-flow\" style=\"flex-basis:40%\">\n<div class=\"wp-block-group\"><div class=\"wp-block-group__inner-container is-layout-constrained wp-block-group-is-layout-constrained\">\n<h3 class=\"wp-block-heading has-text-color has-link-color wp-elements-c1ced0729c3c9d89afd18d153e303551\" style=\"color:#ff8300;font-size:25px\">Le attivit\u00e0 sportive<\/h3>\n\n\n\n<div style=\"height:30px\" aria-hidden=\"true\" class=\"wp-block-spacer\"><\/div>\n<\/div><\/div>\n\n\n\n<h4 class=\"wp-block-heading text-justify\" style=\"font-size:18px\"><strong>1. <strong><strong>Mountain bike nel Vercors<\/strong><\/strong> (Dr\u00f4me, 26 &#8211; Is\u00e8re, 38)<\/strong><\/h4>\n\n\n\n<p class=\"text-justify\" style=\"font-size:16px\">Esplora i sentieri del massiccio del Vercors in mountain bike. Percorsi vari, adatti a tutti i livelli, ti aspettano per un&#8217;immersione totale nella natura selvaggia della regione. Tra scogliere, foreste e valli, ogni itinerario \u00e8 un invito all&#8217;avventura e alla scoperta.<\/p>\n\n\n\n<div style=\"height:10px\" aria-hidden=\"true\" class=\"wp-block-spacer\"><\/div>\n\n\n\n<h4 class=\"wp-block-heading text-justify\" style=\"font-size:18px\"><strong>2. <strong><strong>Escursione al Puy de D\u00f4me<\/strong><\/strong><\/strong> (63)<\/h4>\n\n\n\n<p class=\"text-justify\" style=\"font-size:16px\">Emblematico vulcano della regione, il suo sentiero offre una vista mozzafiato sulla catena dei Puys e sui paesaggi circostanti. Un&#8217;escursione accessibile che permette di scoprire la storia geologica unica dell&#8217;Alvernia godendosi la natura.<\/p>\n\n\n\n<div style=\"height:10px\" aria-hidden=\"true\" class=\"wp-block-spacer\"><\/div>\n\n\n\n<h4 class=\"wp-block-heading text-justify\" style=\"font-size:18px\"><strong>3. <strong><strong>Arrampicata alle Gole dell&#8217;Ard\u00e8che<\/strong><\/strong>  (Ard\u00e8che, 07<\/strong>)<\/h4>\n\n\n\n<p class=\"text-justify\" style=\"font-size:16px\">Questo sito naturale offre percorsi per tutti i livelli, dai principianti agli scalatori esperti. Scoprite un ambiente eccezionale e accettate la sfida di arrampicare in uno scenario mozzafiato.<\/p>\n\n\n\n<div style=\"height:10px\" aria-hidden=\"true\" class=\"wp-block-spacer\"><\/div>\n\n\n\n<h4 class=\"wp-block-heading text-justify\" style=\"font-size:18px\"><strong>4. <strong><strong>Sci alpinismo nella Chartreuse<\/strong><\/strong> (Is\u00e8re, 38<\/strong>)<\/h4>\n\n\n\n<p class=\"text-justify\" style=\"font-size:16px\">Scopri le montagne della Chartreuse in inverno praticando lo sci alpinismo. Evita le piste affollate e goditi la neve fresca e incontaminata e i paesaggi innevati. Questa attivit\u00e0 \u00e8 perfetta per gli amanti della natura che desiderano esplorare spazi incontaminati lontano dalla folla.<\/p>\n<\/div>\n\n\n\n<div class=\"wp-block-column is-vertically-aligned-center is-layout-flow wp-block-column-is-layout-flow\" style=\"flex-basis:3%\"><\/div>\n\n\n\n<div class=\"wp-block-column is-vertically-aligned-center is-layout-flow wp-block-column-is-layout-flow\" style=\"flex-basis:37.8%\">\n<figure class=\"wp-block-image size-full\"><img loading=\"lazy\" decoding=\"async\" width=\"1600\" height=\"706\" src=\"https:\/\/www.teritoria.com\/wp-content\/uploads\/2025\/06\/puy_de_dome_auvergne_rhone-alpes_france_margouillat-photo.jpg\" alt=\"\" class=\"wp-image-140664\" title=\"\" srcset=\"https:\/\/www.teritoria.com\/wp-content\/uploads\/2025\/06\/puy_de_dome_auvergne_rhone-alpes_france_margouillat-photo.jpg 1600w, https:\/\/www.teritoria.com\/wp-content\/uploads\/2025\/06\/puy_de_dome_auvergne_rhone-alpes_france_margouillat-photo-300x132.jpg 300w, https:\/\/www.teritoria.com\/wp-content\/uploads\/2025\/06\/puy_de_dome_auvergne_rhone-alpes_france_margouillat-photo-1024x452.jpg 1024w, https:\/\/www.teritoria.com\/wp-content\/uploads\/2025\/06\/puy_de_dome_auvergne_rhone-alpes_france_margouillat-photo-768x339.jpg 768w, https:\/\/www.teritoria.com\/wp-content\/uploads\/2025\/06\/puy_de_dome_auvergne_rhone-alpes_france_margouillat-photo-1536x678.jpg 1536w\" sizes=\"auto, (max-width: 1600px) 100vw, 1600px\" \/><figcaption class=\"wp-element-caption\"><em>Puy de D\u00f4me, <em><em><em>crediti fotografici<\/em><\/em> <\/em> \u00a9Shutterstock &#8211; margouillat photo<\/em><\/figcaption><\/figure>\n<\/div>\n\n\n\n<div class=\"wp-block-column is-vertically-aligned-center is-layout-flow wp-block-column-is-layout-flow\" style=\"flex-basis:5%\"><\/div>\n<\/div>\n\n\n\n<div style=\"height:10px\" aria-hidden=\"true\" class=\"wp-block-spacer\"><\/div>\n<\/div>\n\n\n\n<div class=\"wp-block-column is-layout-flow wp-block-column-is-layout-flow\" style=\"flex-basis:5%\"><\/div>\n<\/div>\n\n\n\n<div class=\"bes_bloc_establishments_slider my-16 lg:mb-16 lg:mt-24\">\n\n\t<div class=\"lg:grid lg:grid-cols-[467px_1fr] lg:gap-16 items-center\">\n\t\t<!-- Begin Left Block -->\n\t\t<div class=\"bes_left_block ps-[7.2rem] text-center lg:text-left contents lg:block\" style=\"\">\n\t\n\t\t\t\t\n\t\t\t\t\t\t\t\t\n\t\t\t\t<h2 class=\"mb-8 max-lg:w-[300px] max-lg:mx-auto lg:text-md text-[2.6rem]\" style=\"color: #1a2830;\">Dove organizzare un seminario in <i>Alvernia-Rodano-Alpi<\/i>?<\/h2>\n\t\t\t\t\n\t\t\t\t\t\t\t\t\n\t\t\t\t<div class=\"mb-10\" style=\"color: #414b5a;\"><p style=\"text-align: justify;\">Alla ricerca del luogo perfetto per i vostri prossimi eventi aziendali? Teritoria cerca (gratuitamente) il luogo ideale, negoziato al miglior prezzo, in base alle vostre disponibilit\u00e0 all&#8217;interno della nostra comunit\u00e0 di albergatori e ristoratori!<\/p>\n<\/div>\n\t\t\t\t\n\t\t\t\t\t\t\t<div class=\"hidden lg:block\">\n\t\t\t\t\t\t\t\t\t\t\t\t\n\t\t\t\t\t\t<a href=\"\/it\/eventi-aziende\/\" \n\t\t\t\t\t\t   target=\"_blank\" \n\t\t\t\t\t\t   class=\"btn text-white pb-6 pt-7 px-12\"\n\t\t\t\t\t\t   style=\"color: #ffffff; background-color: #1a2830;\"\n\t\t\t\t\t\t   title=\"Scopri la nostra offerta per le aziende\"\n\t\t\t\t\t\t>\n\t\t\t\t\t\t   Scopri la nostra offerta per le aziende\t\t\t\t\t\t<\/a>\n\t\t\n\t\t\t\t\t\t\t\t\t<\/div>\n\t\n\t\t\t\t\t<\/div>\n\t\t<!-- End Left Block -->\n\t\n\t\t<!-- Begin Left Block -->\n\t\t<div class=\"bes_right_block\">\n\t\n\t\t\t\t\n\t\t\t<div class=\"hidden\" data-gtm-establishments=\"{&quot;affiliate_list_id&quot;:&quot;list-of-establishments-homepage&quot;,&quot;affiliate_list_name&quot;:&quot;List etablissements homepage &quot;,&quot;affiliates&quot;:[{&quot;affiliate_id&quot;:&quot;397&quot;,&quot;affiliate_name&quot;:&quot;H\\u00f4tel Cottage Bise&quot;,&quot;affiliate_type&quot;:&quot;Hotel&quot;,&quot;affiliate_country&quot;:&quot;Francia&quot;,&quot;affiliate_region&quot;:&quot;Alvernia-Rodano-Alpi&quot;,&quot;affiliate_city&quot;:&quot;TALLOIRES&quot;},{&quot;affiliate_id&quot;:&quot;2482&quot;,&quot;affiliate_name&quot;:&quot;Domaine de Champlong GOLF &amp; SPA&quot;,&quot;affiliate_type&quot;:&quot;Hotel&quot;,&quot;affiliate_country&quot;:&quot;Francia&quot;,&quot;affiliate_region&quot;:&quot;Alvernia-Rodano-Alpi&quot;,&quot;affiliate_city&quot;:&quot;VILLEREST&quot;},{&quot;affiliate_id&quot;:&quot;3989&quot;,&quot;affiliate_name&quot;:&quot;Domaine du Gouverneur&quot;,&quot;affiliate_type&quot;:&quot;Hotel&quot;,&quot;affiliate_country&quot;:&quot;Francia&quot;,&quot;affiliate_region&quot;:&quot;Alvernia-Rodano-Alpi&quot;,&quot;affiliate_city&quot;:&quot;MONTHIEUX&quot;},{&quot;affiliate_id&quot;:&quot;4039&quot;,&quot;affiliate_name&quot;:&quot;Grand H\\u00f4tel du Parc&quot;,&quot;affiliate_type&quot;:&quot;Hotel&quot;,&quot;affiliate_country&quot;:&quot;Francia&quot;,&quot;affiliate_region&quot;:&quot;Alvernia-Rodano-Alpi&quot;,&quot;affiliate_city&quot;:&quot;AIX-LES-BAINS&quot;}]}\"><\/div>\t\t\t\t<div class=\"splide max-lg:grid items-center\" \n\t\t\t\t\trole=\"group\" \n\t\t\t\t\taria-label=\"Product slider\" \n\t\t\t\t\tdata-splide={\"type\":\"slide\",\"perPage\":3,\"perMove\":1,\"padding\":{\"left\":\"1rem\",\"right\":\"3rem\"},\"pagination\":false,\"arrows\":false,\"breakpoints\":{\"1024\":{\"perPage\":1,\"arrows\":true,\"focus\":\"center\",\"padding\":{\"left\":\"2.4rem\",\"right\":\"4rem\"},\"pagination\":true}}}>\n\t\t\t\t\t<div class=\"splide__track\">\n\t\t\t\t\t\t<div class=\"splide__list flex gap-x-6 lg:gap-x-4\">\n\t\n\t\t\t\t\t    <div class=\"splide__slide relative pdt-mini mb-8 overflow-hidden bg-white ter_item_post_3750\">\n        \n            \n\t\t\t<span class=\"type_etablissement absolute z-[1] left-[1.3rem] top-8 lg:top-[1.1rem] flex flex-wrap gap-4\">\n\t\t\t\t\t\t\t\t\t                        <span class=\"rounded py-3 px-6 bg-[#1E1E1E80]\/50\t shadow-[0px_6px_32px_0px_#00000026] text-white uppercase text-[1.2rem] font-semibold font-proza-libre\">\n                                                        Hotel-Ristorante                        <\/span>\n                    \t\t\t\t\t\t\t<\/span>\n\t\t\n        <div class=\"pdt-mini__thumb\">\n                            <div class=\"pdt-mini__image ratio pt-[calc(100%\/309*190)]\">\n                    <img loading=\"lazy\" decoding=\"async\" width=\"309\" height=\"190\" src=\"https:\/\/www.teritoria.com\/wp-content\/uploads\/2024\/11\/397-20240706-174634-0-2223-309x190.jpg\" class=\"object-cover w-full transition-all duration-300 lazy\" alt=\"397-20240706-174634-0-2223.jpg\" srcset=\"https:\/\/www.teritoria.com\/wp-content\/uploads\/2024\/11\/397-20240706-174634-0-2223-309x190.jpg 309w, https:\/\/www.teritoria.com\/wp-content\/uploads\/2024\/11\/397-20240706-174634-0-2223-618x380.jpg 618w\" sizes=\"auto, (min-width: 1440px) 618px, 309px\" title=\"\">                <\/div>\n                    <\/div>\n\n        <div class=\"pdt-mini__body\">\n            <div class=\"product-wishlist\">\n                <button class=\"simplefavorite-button\" data-postid=\"3750\" data-siteid=\"1\" data-groupid=\"1\" data-favoritecount=\"2\" style=\"\"><span><img decoding=\"async\" src=\"\/wp-content\/themes\/teritoria\/template-parts\/icons\/white-heart.svg\" alt=\"\" title=\"\"><\/span><span>Enregistrer<\/span><\/button>            <\/div>\n\n            \n            \n<div class=\"flex gap-4 mb-8\">\n            <span class=\"etab_classification_cles\">\n            <img decoding=\"async\" class=\"h-[30px]\" src=\"https:\/\/www.teritoria.com\/wp-content\/themes\/teritoria\/assets\/img\/hotel\/hotel-4.svg\" alt=\"\" title=\"\">\n        <\/span>\n\n                    <span class=\"text-[27px] leading-none\">\u2022<\/span>\n                \n                    <span class=\"etab_labellisation_cuilleres\">\n                    <img decoding=\"async\" class=\"h-[30px]\" src=\"https:\/\/www.teritoria.com\/wp-content\/themes\/teritoria\/assets\/img\/rest\/rest-1.svg\" alt=\"\" title=\"\">\n                <\/span>\n\n                                    <span class=\"text-[27px] leading-none\">\u2022<\/span>\n                        \n    <!--         <span class=\"text-[27px] leading-none\">\u2022<\/span>\n     -->\n\n\n            <div class=\"etab_images_labels flex gap-2 relative\">\n            <ul class=\"flex flex-wrap gap-4 items-center\">\n                                    \n                                            <li>\n\n                            <img loading=\"lazy\" decoding=\"async\" src=\"https:\/\/www.teritoria.com\/wp-content\/uploads\/2024\/10\/clorofil-3-300x300-1.png\" width=\"32\" height=\"32\" alt=\"Clorofil\" title=\"\">\n\n                        <\/li>\n                                                        \n                                            <li>\n\n                            <img loading=\"lazy\" decoding=\"async\" src=\"https:\/\/www.teritoria.com\/wp-content\/uploads\/2024\/10\/clorofil-3-300x300-1.png\" width=\"32\" height=\"32\" alt=\"Clorofil\" title=\"\">\n\n                        <\/li>\n                                                        \n                                            <li>\n\n                            <img loading=\"lazy\" decoding=\"async\" src=\"https:\/\/www.teritoria.com\/wp-content\/uploads\/2024\/10\/PeaceandWork_MEDAILLE-GOLD_AS_CMJN-1.png\" width=\"32\" height=\"32\" alt=\"Peace &amp; Work3\" title=\"\">\n\n                        <\/li>\n                                                <\/ul>\n        <\/div>\n\n        <\/div>\n            \n                                                <h3 class=\"pdt-mini__name text-[2rem] mb-4 max-w-[244px]\">\n                        Cottage Bise                    <\/h3>\n                \n                                    <div class=\"pdt-mini__rank mb-4\">\n                        <span class=\"rank-avis !inline-block\" data-percentage=\"0.9\"><\/span>\n                        <span class=\"text-black text-[1rem]\">(2438)<\/span>\n                    <\/div>\n                            \n                                                <div class=\"pdt-mini__description font-medium mb-2 text-[#1A2830] text-sm relative pt-[.8rem] before:absolute before:top-0 before:left-0 before:w-[17px] before:border-b before:border-[#FFE1D8]\">\n                        <p>390 route du Port &#8211; TALLOIRES 74290<\/p>\n                    <\/div>\n                            \n                                                <span class=\"etab_prix_de_la_nuit block text-[#001019]\/50 mb-2 text-sm font-medium\">Notte :190 \u20ac &#8211; 590 \u20ac<\/span>\n                \n                                    <span class=\"etab_prix_du_menu block text-[#001019]\/50 text-sm mb-2 font-medium\">Men\u00f9 : 57.00\u20ac &#8211; 99.00\u20ac<\/span>\n                            \n            \n            <a href=\"https:\/\/www.teritoria.com\/it\/hotel\/hotel-cottage-bise-397-ho01\/\" class=\"stretched-link\">\n                <span class=\"sr-only\">Scoprire : <\/span>\n            <\/a>\n        <\/div>\n    <\/div>\n    <div class=\"splide__slide relative pdt-mini mb-8 overflow-hidden bg-white ter_item_post_3864\">\n        \n            \n\t\t\t<span class=\"type_etablissement absolute z-[1] left-[1.3rem] top-8 lg:top-[1.1rem] flex flex-wrap gap-4\">\n\t\t\t\t\t\t\t\t\t                        <span class=\"rounded py-3 px-6 bg-[#1E1E1E80]\/50\t shadow-[0px_6px_32px_0px_#00000026] text-white uppercase text-[1.2rem] font-semibold font-proza-libre\">\n                                                        Hotel-Ristorante                        <\/span>\n                    \t\t\t\t\t\t\t<\/span>\n\t\t\n        <div class=\"pdt-mini__thumb\">\n                            <div class=\"pdt-mini__image ratio pt-[calc(100%\/309*190)]\">\n                    <img loading=\"lazy\" decoding=\"async\" width=\"285\" height=\"190\" src=\"https:\/\/www.teritoria.com\/wp-content\/uploads\/2023\/11\/2482z.jpg\" class=\"object-cover w-full transition-all duration-300 lazy\" alt=\"2482z.jpg\" srcset=\"https:\/\/www.teritoria.com\/wp-content\/uploads\/2023\/11\/2482z.jpg 309w, https:\/\/www.teritoria.com\/wp-content\/uploads\/2023\/11\/2482z.jpg 618w\" sizes=\"auto, (min-width: 1440px) 618px, 309px\" title=\"\">                <\/div>\n                    <\/div>\n\n        <div class=\"pdt-mini__body\">\n            <div class=\"product-wishlist\">\n                <button class=\"simplefavorite-button\" data-postid=\"3864\" data-siteid=\"1\" data-groupid=\"1\" data-favoritecount=\"2\" style=\"\"><span><img decoding=\"async\" src=\"\/wp-content\/themes\/teritoria\/template-parts\/icons\/white-heart.svg\" alt=\"\" title=\"\"><\/span><span>Enregistrer<\/span><\/button>            <\/div>\n\n            \n            \n<div class=\"flex gap-4 mb-8\">\n            <span class=\"etab_classification_cles\">\n            <img decoding=\"async\" class=\"h-[30px]\" src=\"https:\/\/www.teritoria.com\/wp-content\/themes\/teritoria\/assets\/img\/hotel\/hotel-4.svg\" alt=\"\" title=\"\">\n        <\/span>\n\n                    <span class=\"text-[27px] leading-none\">\u2022<\/span>\n                \n                    <span class=\"etab_labellisation_cuilleres\">\n                    <img decoding=\"async\" class=\"h-[30px]\" src=\"https:\/\/www.teritoria.com\/wp-content\/themes\/teritoria\/assets\/img\/rest\/rest-1.svg\" alt=\"\" title=\"\">\n                <\/span>\n\n                                    <span class=\"text-[27px] leading-none\">\u2022<\/span>\n                        \n    <!--         <span class=\"text-[27px] leading-none\">\u2022<\/span>\n     -->\n\n\n            <div class=\"etab_images_labels flex gap-2 relative\">\n            <ul class=\"flex flex-wrap gap-4 items-center\">\n                                    \n                                            <li>\n\n                            <img loading=\"lazy\" decoding=\"async\" src=\"https:\/\/www.teritoria.com\/wp-content\/uploads\/2024\/10\/clorofil-3-300x300-1.png\" width=\"32\" height=\"32\" alt=\"Clorofil\" title=\"\">\n\n                        <\/li>\n                                                        \n                                            <li>\n\n                            <img loading=\"lazy\" decoding=\"async\" src=\"https:\/\/www.teritoria.com\/wp-content\/uploads\/2024\/10\/clorofil-3-300x300-1.png\" width=\"32\" height=\"32\" alt=\"Clorofil\" title=\"\">\n\n                        <\/li>\n                                                        \n                                            <li>\n\n                            <img loading=\"lazy\" decoding=\"async\" src=\"https:\/\/www.teritoria.com\/wp-content\/uploads\/2024\/10\/PeaceandWork_MEDAILLE-BRONZE_AS_CMJN-1.png\" width=\"32\" height=\"32\" alt=\"Peace &amp; Work1\" title=\"\">\n\n                        <\/li>\n                                                <\/ul>\n        <\/div>\n\n        <\/div>\n            \n                                                <h3 class=\"pdt-mini__name text-[2rem] mb-4 max-w-[244px]\">\n                        Domaine de Champlong GOLF &#038; SPA                    <\/h3>\n                \n                                    <div class=\"pdt-mini__rank mb-4\">\n                        <span class=\"rank-avis !inline-block\" data-percentage=\"0.9\"><\/span>\n                        <span class=\"text-black text-[1rem]\">(743)<\/span>\n                    <\/div>\n                            \n                                                <div class=\"pdt-mini__description font-medium mb-2 text-[#1A2830] text-sm relative pt-[.8rem] before:absolute before:top-0 before:left-0 before:w-[17px] before:border-b before:border-[#FFE1D8]\">\n                        <p>100, chemin de la Chapelle &#8211; VILLEREST 42300<\/p>\n                    <\/div>\n                            \n                                                <span class=\"etab_prix_de_la_nuit block text-[#001019]\/50 mb-2 text-sm font-medium\">Notte :160 \u20ac &#8211; 290 \u20ac<\/span>\n                \n                                    <span class=\"etab_prix_du_menu block text-[#001019]\/50 text-sm mb-2 font-medium\">Men\u00f9 : 39.00\u20ac &#8211; 125.00\u20ac<\/span>\n                            \n            \n            <a href=\"https:\/\/www.teritoria.com\/it\/hotel\/domaine-de-champlong-golf-spa-2482-ho01\/\" class=\"stretched-link\">\n                <span class=\"sr-only\">Scoprire : <\/span>\n            <\/a>\n        <\/div>\n    <\/div>\n    <div class=\"splide__slide relative pdt-mini mb-8 overflow-hidden bg-white ter_item_post_5418\">\n        \n            \n\t\t\t<span class=\"type_etablissement absolute z-[1] left-[1.3rem] top-8 lg:top-[1.1rem] flex flex-wrap gap-4\">\n\t\t\t\t\t\t\t\t\t                        <span class=\"rounded py-3 px-6 bg-[#1E1E1E80]\/50\t shadow-[0px_6px_32px_0px_#00000026] text-white uppercase text-[1.2rem] font-semibold font-proza-libre\">\n                                                        Hotel-Ristorante                        <\/span>\n                    \t\t\t\t\t\t\t<\/span>\n\t\t\n        <div class=\"pdt-mini__thumb\">\n                            <div class=\"pdt-mini__image ratio pt-[calc(100%\/309*190)]\">\n                    <img loading=\"lazy\" decoding=\"async\" width=\"309\" height=\"190\" src=\"https:\/\/www.teritoria.com\/wp-content\/uploads\/2025\/06\/3989-20241003-132957-0-9913-309x190.jpg\" class=\"object-cover w-full transition-all duration-300 lazy\" alt=\"3989-20241003-132957-0-9913.jpg\" srcset=\"https:\/\/www.teritoria.com\/wp-content\/uploads\/2025\/06\/3989-20241003-132957-0-9913-309x190.jpg 309w, https:\/\/www.teritoria.com\/wp-content\/uploads\/2025\/06\/3989-20241003-132957-0-9913-618x380.jpg 618w\" sizes=\"auto, (min-width: 1440px) 618px, 309px\" title=\"\">                <\/div>\n                    <\/div>\n\n        <div class=\"pdt-mini__body\">\n            <div class=\"product-wishlist\">\n                <button class=\"simplefavorite-button\" data-postid=\"5418\" data-siteid=\"1\" data-groupid=\"1\" data-favoritecount=\"2\" style=\"\"><span><img decoding=\"async\" src=\"\/wp-content\/themes\/teritoria\/template-parts\/icons\/white-heart.svg\" alt=\"\" title=\"\"><\/span><span>Enregistrer<\/span><\/button>            <\/div>\n\n            \n            \n<div class=\"flex gap-4 mb-8\">\n            <span class=\"etab_classification_cles\">\n            <img decoding=\"async\" class=\"h-[30px]\" src=\"https:\/\/www.teritoria.com\/wp-content\/themes\/teritoria\/assets\/img\/hotel\/hotel-4.svg\" alt=\"\" title=\"\">\n        <\/span>\n\n                    <span class=\"text-[27px] leading-none\">\u2022<\/span>\n                \n                    <span class=\"etab_labellisation_cuilleres\">\n                    <img decoding=\"async\" class=\"h-[30px]\" src=\"https:\/\/www.teritoria.com\/wp-content\/themes\/teritoria\/assets\/img\/rest\/rest-1.svg\" alt=\"\" title=\"\">\n                <\/span>\n\n                                    <span class=\"text-[27px] leading-none\">\u2022<\/span>\n                        \n    <!--         <span class=\"text-[27px] leading-none\">\u2022<\/span>\n     -->\n\n\n            <div class=\"etab_images_labels flex gap-2 relative\">\n            <ul class=\"flex flex-wrap gap-4 items-center\">\n                                    \n                                            <li>\n\n                            <img loading=\"lazy\" decoding=\"async\" src=\"https:\/\/www.teritoria.com\/wp-content\/uploads\/2024\/10\/clorofil-3-300x300-1.png\" width=\"32\" height=\"32\" alt=\"Clorofil\" title=\"\">\n\n                        <\/li>\n                                                        \n                                            <li>\n\n                            <img loading=\"lazy\" decoding=\"async\" src=\"https:\/\/www.teritoria.com\/wp-content\/uploads\/2024\/10\/clorofil-3-300x300-1.png\" width=\"32\" height=\"32\" alt=\"Clorofil\" title=\"\">\n\n                        <\/li>\n                                                        \n                                            <li>\n\n                            <img loading=\"lazy\" decoding=\"async\" src=\"https:\/\/www.teritoria.com\/wp-content\/uploads\/2024\/10\/PeaceandWork_MEDAILLE-BRONZE_AS_CMJN-1.png\" width=\"32\" height=\"32\" alt=\"Peace &amp; Work1\" title=\"\">\n\n                        <\/li>\n                                                        \n                                            <li>\n\n                            <img loading=\"lazy\" decoding=\"async\" src=\"https:\/\/www.teritoria.com\/wp-content\/uploads\/2024\/10\/PeaceandWork_MEDAILLE-BRONZE_AS_CMJN-1.png\" width=\"32\" height=\"32\" alt=\"Peace &amp; Work1\" title=\"\">\n\n                        <\/li>\n                                                <\/ul>\n        <\/div>\n\n        <\/div>\n            \n                                                <h3 class=\"pdt-mini__name text-[2rem] mb-4 max-w-[244px]\">\n                        Domaine du Gouverneur                    <\/h3>\n                \n                                    <div class=\"pdt-mini__rank mb-4\">\n                        <span class=\"rank-avis !inline-block\" data-percentage=\"0.9\"><\/span>\n                        <span class=\"text-black text-[1rem]\">(1549)<\/span>\n                    <\/div>\n                            \n                                                <div class=\"pdt-mini__description font-medium mb-2 text-[#1A2830] text-sm relative pt-[.8rem] before:absolute before:top-0 before:left-0 before:w-[17px] before:border-b before:border-[#FFE1D8]\">\n                        <p>Lieu-dit le Breuil &#8211; MONTHIEUX 01390<\/p>\n                    <\/div>\n                            \n                                                <span class=\"etab_prix_de_la_nuit block text-[#001019]\/50 mb-2 text-sm font-medium\">Notte :140 \u20ac &#8211; 490 \u20ac<\/span>\n                \n                                    <span class=\"etab_prix_du_menu block text-[#001019]\/50 text-sm mb-2 font-medium\">Men\u00f9 : 42.00\u20ac &#8211; 49.00\u20ac<\/span>\n                            \n            \n            <a href=\"https:\/\/www.teritoria.com\/it\/hotel\/domaine-du-gouverneur-3989-ho01\/\" class=\"stretched-link\">\n                <span class=\"sr-only\">Scoprire : <\/span>\n            <\/a>\n        <\/div>\n    <\/div>\n    <div class=\"splide__slide relative pdt-mini mb-8 overflow-hidden bg-white ter_item_post_61688\">\n        \n            \n\t\t\t<span class=\"type_etablissement absolute z-[1] left-[1.3rem] top-8 lg:top-[1.1rem] flex flex-wrap gap-4\">\n\t\t\t\t\t\t\t\t\t                        <span class=\"rounded py-3 px-6 bg-[#1E1E1E80]\/50\t shadow-[0px_6px_32px_0px_#00000026] text-white uppercase text-[1.2rem] font-semibold font-proza-libre\">\n                                                        Hotel-Ristorante                        <\/span>\n                    \t\t\t\t\t\t\t<\/span>\n\t\t\n        <div class=\"pdt-mini__thumb\">\n                            <div class=\"pdt-mini__image ratio pt-[calc(100%\/309*190)]\">\n                    <img loading=\"lazy\" decoding=\"async\" width=\"309\" height=\"190\" src=\"https:\/\/www.teritoria.com\/wp-content\/uploads\/2024\/11\/4039-20241003-151301-0-4805-309x190.jpg\" class=\"object-cover w-full transition-all duration-300 lazy\" alt=\"4039-20241003-151301-0-4805.jpg\" srcset=\"https:\/\/www.teritoria.com\/wp-content\/uploads\/2024\/11\/4039-20241003-151301-0-4805-309x190.jpg 309w, https:\/\/www.teritoria.com\/wp-content\/uploads\/2024\/11\/4039-20241003-151301-0-4805-618x380.jpg 618w\" sizes=\"auto, (min-width: 1440px) 618px, 309px\" title=\"\">                <\/div>\n                    <\/div>\n\n        <div class=\"pdt-mini__body\">\n            <div class=\"product-wishlist\">\n                <button class=\"simplefavorite-button\" data-postid=\"61688\" data-siteid=\"1\" data-groupid=\"1\" data-favoritecount=\"2\" style=\"\"><span><img decoding=\"async\" src=\"\/wp-content\/themes\/teritoria\/template-parts\/icons\/white-heart.svg\" alt=\"\" title=\"\"><\/span><span>Enregistrer<\/span><\/button>            <\/div>\n\n            \n            \n<div class=\"flex gap-4 mb-8\">\n            <span class=\"etab_classification_cles\">\n            <img decoding=\"async\" class=\"h-[30px]\" src=\"https:\/\/www.teritoria.com\/wp-content\/themes\/teritoria\/assets\/img\/hotel\/hotel-4.svg\" alt=\"\" title=\"\">\n        <\/span>\n\n                    <span class=\"text-[27px] leading-none\">\u2022<\/span>\n                \n                    <span class=\"etab_labellisation_cuilleres\">\n                    <img decoding=\"async\" class=\"h-[30px]\" src=\"https:\/\/www.teritoria.com\/wp-content\/themes\/teritoria\/assets\/img\/rest\/rest-1.svg\" alt=\"\" title=\"\">\n                <\/span>\n\n                                    <span class=\"text-[27px] leading-none\">\u2022<\/span>\n                        \n    <!--         <span class=\"text-[27px] leading-none\">\u2022<\/span>\n     -->\n\n\n            <div class=\"etab_images_labels flex gap-2 relative\">\n            <ul class=\"flex flex-wrap gap-4 items-center\">\n                                    \n                                            <li>\n\n                            <img loading=\"lazy\" decoding=\"async\" src=\"https:\/\/www.teritoria.com\/wp-content\/uploads\/2024\/10\/clorofil-3-300x300-1.png\" width=\"32\" height=\"32\" alt=\"Clorofil\" title=\"\">\n\n                        <\/li>\n                                                        \n                                            <li>\n\n                            <img loading=\"lazy\" decoding=\"async\" src=\"https:\/\/www.teritoria.com\/wp-content\/uploads\/2024\/10\/clorofil-3-300x300-1.png\" width=\"32\" height=\"32\" alt=\"Clorofil\" title=\"\">\n\n                        <\/li>\n                                                        \n                                            <li>\n\n                            <img loading=\"lazy\" decoding=\"async\" src=\"https:\/\/www.teritoria.com\/wp-content\/uploads\/2024\/10\/PeaceandWork_MEDAILLE-BRONZE_AS_CMJN-1.png\" width=\"32\" height=\"32\" alt=\"Peace &amp; Work1\" title=\"\">\n\n                        <\/li>\n                                                        \n                                            <li>\n\n                            <img loading=\"lazy\" decoding=\"async\" src=\"https:\/\/www.teritoria.com\/wp-content\/uploads\/2024\/10\/PeaceandWork_MEDAILLE-BRONZE_AS_CMJN-1.png\" width=\"32\" height=\"32\" alt=\"Peace &amp; Work1\" title=\"\">\n\n                        <\/li>\n                                                <\/ul>\n        <\/div>\n\n        <\/div>\n            \n                                                <h3 class=\"pdt-mini__name text-[2rem] mb-4 max-w-[244px]\">\n                        Grand Hotel du Parc                    <\/h3>\n                \n                                    <div class=\"pdt-mini__rank mb-4\">\n                        <span class=\"rank-avis !inline-block\" data-percentage=\"1\"><\/span>\n                        <span class=\"text-black text-[1rem]\">(2023)<\/span>\n                    <\/div>\n                            \n                                                <div class=\"pdt-mini__description font-medium mb-2 text-[#1A2830] text-sm relative pt-[.8rem] before:absolute before:top-0 before:left-0 before:w-[17px] before:border-b before:border-[#FFE1D8]\">\n                        <p>1 rue Sommeiller &#8211; AIX-LES-BAINS 73100<\/p>\n                    <\/div>\n                            \n                                                <span class=\"etab_prix_de_la_nuit block text-[#001019]\/50 mb-2 text-sm font-medium\">Notte :120 \u20ac &#8211; 450 \u20ac<\/span>\n                \n                                    <span class=\"etab_prix_du_menu block text-[#001019]\/50 text-sm mb-2 font-medium\">Men\u00f9 : 39.00\u20ac &#8211; 95.00\u20ac<\/span>\n                            \n            \n            <a href=\"https:\/\/www.teritoria.com\/it\/hotel\/grand-hotel-du-parc-4039-ho01\/\" class=\"stretched-link\">\n                <span class=\"sr-only\">Scoprire : <\/span>\n            <\/a>\n        <\/div>\n    <\/div>\n\t\t\t\t\t\t<\/div>\n\t\t\t\t\t<\/div>\n\t\t\t\t<\/div>\n\t\t\t\n\t\t\t\t\t\t\t<div class=\"block lg:hidden text-center\">\n\t\t\t\t\t\t\t\t\t\t\t\t\t\t\t\t<a href=\"\/it\/eventi-aziende\/\"\n\t\t\t\t\t\t   target=\"_blank\"\n\t\t\t\t\t\t   class=\"btn text-white pb-6 pt-7 px-12\"\n\t\t\t\t\t\t   style=\"color: #ffffff; background-color: #1a2830;\"\n\t\t\t\t\t\t   title=\"title\"\n\t\t\t\t\t\t>\n\t\t\t\t\t\t   Scopri la nostra offerta per le aziende\t\t\t\t\t\t<\/a>\n\t\t\t\t\t\t\t\t\t<\/div>\n\t\n\t\t\t\t\t<\/div>\n\t<\/div>\n\n\n\t\n<\/div>\n\n\n\n\n\n\n\n\n\n\n\n\n<div style=\"height:20px\" aria-hidden=\"true\" class=\"wp-block-spacer\"><\/div>\n\n\n\n<div id=\"ww_c8aea32d87133\" v='1.3' loc='id' a='{\"t\":\"responsive\",\"lang\":\"it\",\"sl_lpl\":1,\"ids\":[\"wl7617\"],\"font\":\"Arial\",\"sl_ics\":\"one_a\",\"sl_sot\":\"celsius\",\"cl_bkg\":\"image\",\"cl_font\":\"#FFFFFF\",\"cl_cloud\":\"#FFFFFF\",\"cl_persp\":\"#81D4FA\",\"cl_sun\":\"#FFC107\",\"cl_moon\":\"#FFC107\",\"cl_thund\":\"#FF5722\"}'>Altre previsioni: <a href=\"https:\/\/oneweather.org\/fr\/paris\/30_jours\/\" id=\"ww_c8aea32d87133_u\" target=\"_blank\" rel=\"nofollow noopener\">Meteo paris 30 jours<\/a><\/div><script async src=\"https:\/\/app3.weatherwidget.org\/js\/?id=ww_c8aea32d87133\"><\/script>\n\n\n\n<div style=\"height:20px\" aria-hidden=\"true\" class=\"wp-block-spacer\"><\/div>\n\n\n\n<div class=\"wp-block-columns is-layout-flex wp-container-core-columns-is-layout-9d6595d7 wp-block-columns-is-layout-flex\">\n<div class=\"wp-block-column is-layout-flow wp-block-column-is-layout-flow\" style=\"flex-basis:40%\"><\/div>\n\n\n\n<div class=\"wp-block-column is-layout-flow wp-block-column-is-layout-flow\" style=\"flex-basis:20%\">\n<hr class=\"wp-block-separator has-text-color has-alpha-channel-opacity has-background\" style=\"background-color:#bfc4c5;color:#bfc4c5\"\/>\n<\/div>\n\n\n\n<div class=\"wp-block-column is-layout-flow wp-block-column-is-layout-flow\" style=\"flex-basis:40%\"><\/div>\n<\/div>\n\n\n\n<div class=\"wp-block-columns is-layout-flex wp-container-core-columns-is-layout-9d6595d7 wp-block-columns-is-layout-flex\">\n<div class=\"wp-block-column is-layout-flow wp-block-column-is-layout-flow\" style=\"flex-basis:15%\"><\/div>\n\n\n\n<div class=\"wp-block-column is-layout-flow wp-block-column-is-layout-flow\" style=\"flex-basis:70%\">\n<div class=\"wp-block-column is-layout-flow wp-block-column-is-layout-flow\" style=\"flex-basis:70%\">\n<div class=\"max-w-[947px] mx-auto lg:pb-24\">\n\t\t\t\t<h3 class=\"text-center mb-10\">\n\t\t\t\t\tLeggi anche\t\t\t\t<\/h3>\n\t\t\t\t\n\t\t\t\t<div class=\"splide max-lg:grid items-center splide--slide splide--ltr splide--draggable is-active is-overflow is-initialized\" data-splide=\"{&quot;type&quot;:&quot;slide&quot;,&quot;perPage&quot;:3,&quot;perMove&quot;:1,&quot;pagination&quot;:false,&quot;gap&quot;:&quot;1rem&quot;,&quot;arrows&quot;:false,&quot;breakpoints&quot;:{&quot;1024&quot;:{&quot;perPage&quot;:1,&quot;padding&quot;:{&quot;left&quot;:&quot;2.4rem&quot;,&quot;right&quot;:&quot;8rem&quot;},&quot;pagination&quot;:true,&quot;arrows&quot;:true,&quot;gap&quot;:&quot;2rem&quot;}}}\" id=\"splide01\" role=\"region\" aria-roledescription=\"carousel\">\n\t\t\t\t\t<div class=\"splide__track splide__track--slide splide__track--ltr splide__track--draggable\" id=\"splide01-track\" style=\"padding-left: 0px; padding-right: 0px;\" aria-live=\"polite\" aria-atomic=\"true\">\n\t\t\t\t\t\t<div class=\"splide__list\" id=\"splide01-list\" role=\"presentation\" style=\"transform: translateX(0px);\">\n\t\t\t\t\t\t\t\t\t\t\t\t\t\t\t<div class=\"splide__slide relative overflow-hidden is-active is-visible\" id=\"splide01-slide01\" role=\"group\" aria-roledescription=\"slide\" aria-label=\"1 of 5\" style=\"margin-right: 1rem; width: calc(33.3333% - 0.666667rem);\">\n\t\t\t\t\t\t\t\t\t<div class=\"mb-4 lg:mb-6 rounded-lg overflow-hidden ratio pt-[calc(100%\/309*190)]\">\n\t\t\t\t\t\t\t\t\t\t<img decoding=\"async\" class=\"w-full object-cover lazy entered loaded\" data-src=\"https:\/\/www.teritoria.com\/wp-content\/uploads\/2024\/03\/1.png\" src=\"https:\/\/www.teritoria.com\/wp-content\/uploads\/2024\/03\/1.png\" alt=\"1\" data-ll-status=\"loaded\" title=\"Regione Nuova Aquitania\">\n\t\t\t\t\t\t\t\t\t<\/div>\n\t\t\t\t\t\t\t\t\t<div>\n\t\t\t\t\t\t\t\t\t\t<span class=\"uppercase text-sm font-bold text-orange-200 tracking-widest block mb-4\">Diari di viaggio<\/span>\n\t\t\t\t\t\t\t\t\t\t<span class=\"lg:text-[2rem] block mb-4 font-playfair-display font-semibold text-blue-200\">Dove andare per il ponte del 1\u00b0 maggio: idee di weekend in Francia e in Italia<\/span>\n\t\t\t\t\t\t\t\t\t\t<p class=\"mb-0 text-gray-300\">Il mese di maggio porta con s\u00e9 il dolce profumo della primavera, temperature pi\u00f9 miti e, naturalmente, il weekend lungo del 1\u00b0 maggio. Un\u2019ottima opportunit\u00e0 per sfuggire alla routine quotidiana e scoprire nuovi orizzonti.<\/p>\n\t\t\t\t\t\t\t\t\t\t<a href=\"https:\/\/www.teritoria.com\/it\/weekend-1-maggio\/ \" class=\"stretched-link\">&nbsp;<\/a>\n\t\t\t\t\t\t\t\t\t<\/div>\n\t\t\t\t\t\t\t\t<\/div>\n\t\t\t\t\t\t\t\t\t\t\t\t\t\t\t<div class=\"splide__slide relative overflow-hidden is-visible is-next\" id=\"splide01-slide02\" role=\"group\" aria-roledescription=\"slide\" aria-label=\"2 of 5\" style=\"margin-right: 1rem; width: calc(33.3333% - 0.666667rem);\">\n\t\t\t\t\t\t\t\t\t<div class=\"mb-4 lg:mb-6 rounded-lg overflow-hidden ratio pt-[calc(100%\/309*190)]\">\n\t\t\t\t\t\t\t\t\t\t<img decoding=\"async\" class=\"w-full object-cover lazy entered loaded\" data-src=\"https:\/\/www.teritoria.com\/wp-content\/uploads\/2024\/01\/iStock-1127897115.jpg\" src=\"https:\/\/www.teritoria.com\/wp-content\/uploads\/2024\/01\/iStock-1127897115.jpg\" alt=\"istock 1127897115\" data-ll-status=\"loaded\" title=\"Regione Nuova Aquitania\">\n\t\t\t\t\t\t\t\t\t<\/div>\n\t\t\t\t\t\t\t\t\t<div>\n\t\t\t\t\t\t\t\t\t\t<span class=\"uppercase text-sm font-bold text-orange-200 tracking-widest block mb-4\">Diari di viaggio<\/span>\n\t\t\t\t\t\t\t\t\t\t<span class=\"lg:text-[2rem] block mb-4 font-playfair-display font-semibold text-blue-200\">Le migliori destinazioni da visitare a febbraio in Europa<\/span>\n\t\t\t\t\t\t\t\t\t\t<p class=\"mb-0 text-gray-300\">Febbraio offre un\u2019ampia gamma di possibilit\u00e0 per i viaggiatori in cerca di avventura e di esperienze autentiche in Europa. Dai paesaggi innevati al calore del sole mediterraneo e alla sua vibrante cultura, il Vecchio Continente \u00e8 ricco di destinazioni accattivanti! Ecco una selezione di destinazioni originali per viaggiare a febbraio in Europa, firmate Teritoria.<\/p>\n\t\t\t\t\t\t\t\t\t\t<a href=\"https:\/\/www.teritoria.com\/it\/dove-andare-a-febbraio-in-europa\/\" class=\"stretched-link\">&nbsp;<\/a>\n\t\t\t\t\t\t\t\t\t<\/div>\n\t\t\t\t\t\t\t\t<\/div>\n\t\t\t\t\t\t\t\t\t\t\t\t\t\t\t<div class=\"splide__slide relative overflow-hidden is-visible\" id=\"splide01-slide03\" role=\"group\" aria-roledescription=\"slide\" aria-label=\"3 of 5\" style=\"margin-right: 1rem; width: calc(33.3333% - 0.666667rem);\">\n\t\t\t\t\t\t\t\t\t<div class=\"mb-4 lg:mb-6 rounded-lg overflow-hidden ratio pt-[calc(100%\/309*190)]\">\n\t\t\t\t\t\t\t\t\t\t<img decoding=\"async\" class=\"w-full object-cover lazy entered loaded\" data-src=\"https:\/\/www.teritoria.com\/wp-content\/uploads\/2025\/06\/lucas-chizzali-oMQa_9YL984-unsplash-scaled-e1749828517799.jpg\" src=\"https:\/\/www.teritoria.com\/wp-content\/uploads\/2025\/06\/lucas-chizzali-oMQa_9YL984-unsplash-scaled-e1749828517799.jpg\" alt=\"lucas chizzali omqa 9yl984 unsplash scaled e1749828517799\" data-ll-status=\"loaded\" title=\"Regione Nuova Aquitania\">\n\t\t\t\t\t\t\t\t\t<\/div>\n\t\t\t\t\t\t\t\t\t<div>\n\t\t\t\t\t\t\t\t\t\t<span class=\"uppercase text-sm font-bold text-orange-200 tracking-widest block mb-4\">Diari di viaggio<\/span>\n\t\t\t\t\t\t\t\t\t\t<span class=\"lg:text-[2rem] block mb-4 font-playfair-display font-semibold text-blue-200\">Oltre il crinale: un viaggio nelle Dolomiti<\/span>\n\t\t\t\t\t\t\t\t\t\t<p class=\"mb-0 text-gray-300\">Facilmente raggiungibile in treno, questa regione italiana tra le Alpi \u00e8 un luogo da non perdere per gli amanti dello sci, della natura e del buon cibo. E siamo certi che vi conquister\u00e0.<\/p>\n\t\t\t\t\t\t\t\t\t\t<a href=\"https:\/\/www.teritoria.com\/it\/scopri-le-dolomiti-italiane\/\" class=\"stretched-link\">&nbsp;<\/a>\n\t\t\t\t\t\t\t\t\t<\/div>\n\t\t\t\t\t\t\t\t<\/div>\n\t\t\t\t\t\t\t\t\t\t\t\t\t\t\t<div class=\"splide__slide relative overflow-hidden\" id=\"splide01-slide04\" role=\"group\" aria-roledescription=\"slide\" aria-label=\"4 of 5\" style=\"margin-right: 1rem; width: calc(33.3333% - 0.666667rem);\" aria-hidden=\"true\">\n\t\t\t\t\t\t\t\t\t<div class=\"mb-4 lg:mb-6 rounded-lg overflow-hidden ratio pt-[calc(100%\/309*190)]\">\n\t\t\t\t\t\t\t\t\t\t<img decoding=\"async\" class=\"w-full object-cover lazy\" data-src=\"https:\/\/www.teritoria.com\/wp-content\/uploads\/2025\/05\/shutterstock_2501253873_cCristiDumi_La-Dordogne-dans-la-ville-de-La-Roque-Gageac.jpg\" src=\"data:image\/png;base64,iVBORw0KGgoAAAANSUhEUgAAAAEAAAABCAYAAAAfFcSJAAAADUlEQVR42mO8fPPmGQAIXwNTEbZW6QAAAABJRU5ErkJggg==\" alt=\"shutterstock 2501253873 ccristidumi la dordogne dans la ville de la roque gageac\" title=\"Regione Nuova Aquitania\">\n\t\t\t\t\t\t\t\t\t<\/div>\n\t\t\t\t\t\t\t\t\t<div>\n\t\t\t\t\t\t\t\t\t\t<span class=\"uppercase text-sm font-bold text-orange-200 tracking-widest block mb-4\">Diari di viaggio<\/span>\n\t\t\t\t\t\t\t\t\t\t<span class=\"lg:text-[2rem] block mb-4 font-playfair-display font-semibold text-blue-200\">Dordogna: impronta viva del passato<\/span>\n\t\t\t\t\t\t\t\t\t\t<p class=\"mb-0 text-gray-300\">La Dordogna, come non l\u2019hai mai vista. Non sono le folle a guidare i tuoi passi, ma le scogliere dimenticate, i panorami silenziosi, i sentieri secondari e i borghi sospesi nel tempo. Un territorio da vivere ai margini, da scoprire fuori stagione, lontano dai clich\u00e9.<\/p>\n\t\t\t\t\t\t\t\t\t\t<a href=\"https:\/\/www.teritoria.com\/it\/dordogna-tra-castelli-e-paesaggi\/\" class=\"stretched-link\" tabindex=\"-1\">&nbsp;<\/a>\n\t\t\t\t\t\t\t\t\t<\/div>\n\t\t\t\t\t\t\t\t<\/div>\n\t\t\t\t\t\t\t\t\t\t\t\t\t\t\t<div class=\"splide__slide relative overflow-hidden\" id=\"splide01-slide05\" role=\"group\" aria-roledescription=\"slide\" aria-label=\"5 of 5\" style=\"margin-right: 1rem; width: calc(33.3333% - 0.666667rem);\" aria-hidden=\"true\">\n\t\t\t\t\t\t\t\t\t<div class=\"mb-4 lg:mb-6 rounded-lg overflow-hidden ratio pt-[calc(100%\/309*190)]\">\n\t\t\t\t\t\t\t\t\t\t<img decoding=\"async\" class=\"w-full object-cover lazy\" data-src=\"https:\/\/www.teritoria.com\/wp-content\/uploads\/2025\/05\/shutterstock_2227290985.jpg\" src=\"data:image\/png;base64,iVBORw0KGgoAAAANSUhEUgAAAAEAAAABCAYAAAAfFcSJAAAADUlEQVR42mO8fPPmGQAIXwNTEbZW6QAAAABJRU5ErkJggg==\" alt=\"shutterstock 2227290985\" title=\"Regione Nuova Aquitania\">\n\t\t\t\t\t\t\t\t\t<\/div>\n\t\t\t\t\t\t\t\t\t<div>\n\t\t\t\t\t\t\t\t\t\t<span class=\"uppercase text-sm font-bold text-orange-200 tracking-widest block mb-4\">Diari di viaggio<\/span>\n\t\t\t\t\t\t\t\t\t\t<span class=\"lg:text-[2rem] block mb-4 font-playfair-display font-semibold text-blue-200\">Finist\u00e8re, dove la terra incontra l\u2019oceano<\/span>\n\t\t\t\t\t\t\t\t\t\t<p class=\"mb-0 text-gray-300\">\u00abSenza la Bretagna, la Francia non sarebbe quella che \u00e8.\u00bb Anna di Bretagna, ultima duchessa della regione. Scopri la punta della Bretagna e il suo fascino secolare!<\/p>\n\t\t\t\t\t\t\t\t\t\t<a href=\"https:\/\/www.teritoria.com\/it\/scopri-il-finistere-autentico\/\" class=\"stretched-link\" tabindex=\"-1\">&nbsp;<\/a>\n\t\t\t\t\t\t\t\t\t<\/div>\n\t\t\t\t\t\t\t\t<\/div>\n\t\t\t\t\t\t\t\t\t\t\t\t\t<\/div>\n\t\t\t\t\t<\/div>\n\t\t\t\t<\/div>\n\t\t\t<\/div>\n<\/div>\n<\/div>\n\n\n\n<div class=\"wp-block-column is-layout-flow wp-block-column-is-layout-flow\" style=\"flex-basis:15%\"><\/div>\n<\/div>\n\n\n\n<div class=\"wp-block-columns is-layout-flex wp-container-core-columns-is-layout-9d6595d7 wp-block-columns-is-layout-flex\">\n<div class=\"wp-block-column is-layout-flow wp-block-column-is-layout-flow\"><\/div>\n\n\n\n<div class=\"wp-block-column is-layout-flow wp-block-column-is-layout-flow\">\n<div class=\"wp-block-buttons is-content-justification-center is-layout-flex wp-container-core-buttons-is-layout-16018d1d wp-block-buttons-is-layout-flex\">\n<div class=\"wp-block-button has-custom-width wp-block-button__width-50 is-style-outline is-style-outline--1\"><a class=\"wp-block-button__link has-white-background-color has-text-color has-background has-link-color has-text-align-center has-custom-font-size wp-element-button\" href=\"#header\" style=\"border-radius:5px;color:#ff8300;font-size:12px\">\u2303<br> Inizio della pagina<\/a><\/div>\n<\/div>\n<\/div>\n\n\n\n<div class=\"wp-block-column is-layout-flow wp-block-column-is-layout-flow\"><\/div>\n<\/div>\n","protected":false},"excerpt":{"rendered":"<p>Immergiti nella diversit\u00e0 naturale dell&#8217;Alvernia-Rodano-Alpi. Tra vulcani, laghi, montagne e incantevoli villaggi, questa regione vi promette un soggiorno ricco di scoperte. Che siate amanti delle escursioni, della gastronomia o della cultura, un viaggio in Alvernia-Rodano-Alpi non vi lascer\u00e0 indifferenti! Sommario : 1. La regione Alvernia-Rodano-Alpi 2. Cosa visitare in Alvernia-Rodano-Alpi? 3. Le specialit\u00e0 culinarie della [&hellip;]<\/p>\n","protected":false},"author":16,"featured_media":0,"parent":0,"menu_order":0,"comment_status":"closed","ping_status":"closed","template":"","meta":{"_acf_changed":false,"footnotes":""},"class_list":["post-148035","page","type-page","status-publish","hentry"],"acf":[],"_links":{"self":[{"href":"https:\/\/www.teritoria.com\/it\/wp-json\/wp\/v2\/pages\/148035","targetHints":{"allow":["GET"]}}],"collection":[{"href":"https:\/\/www.teritoria.com\/it\/wp-json\/wp\/v2\/pages"}],"about":[{"href":"https:\/\/www.teritoria.com\/it\/wp-json\/wp\/v2\/types\/page"}],"author":[{"embeddable":true,"href":"https:\/\/www.teritoria.com\/it\/wp-json\/wp\/v2\/users\/16"}],"replies":[{"embeddable":true,"href":"https:\/\/www.teritoria.com\/it\/wp-json\/wp\/v2\/comments?post=148035"}],"version-history":[{"count":38,"href":"https:\/\/www.teritoria.com\/it\/wp-json\/wp\/v2\/pages\/148035\/revisions"}],"predecessor-version":[{"id":148107,"href":"https:\/\/www.teritoria.com\/it\/wp-json\/wp\/v2\/pages\/148035\/revisions\/148107"}],"wp:attachment":[{"href":"https:\/\/www.teritoria.com\/it\/wp-json\/wp\/v2\/media?parent=148035"}],"curies":[{"name":"wp","href":"https:\/\/api.w.org\/{rel}","templated":true}]}}